{"id":19391,"date":"2024-08-19T11:35:04","date_gmt":"2024-08-19T09:35:04","guid":{"rendered":"https:\/\/www.salonbiodiversite.com\/?page_id=19391"},"modified":"2026-03-26T09:06:54","modified_gmt":"2026-03-26T08:06:54","slug":"talks","status":"publish","type":"page","link":"https:\/\/www.salonbiodiversite.com\/en\/the-exhibition\/talks\/","title":{"rendered":"Talks"},"content":{"rendered":"<p>[et_pb_section fb_built=&#8221;1&#8243; _builder_version=&#8221;4.20.2&#8243; _module_preset=&#8221;default&#8221; background_color=&#8221;RGBA(255,255,255,0)&#8221; custom_margin=&#8221;||0px||false|false&#8221; custom_padding=&#8221;||0px||false|false&#8221; global_colors_info=&#8221;{}&#8221;][et_pb_row _builder_version=&#8221;4.20.2&#8243; _module_preset=&#8221;default&#8221; width=&#8221;90%&#8221; max_width=&#8221;1400px&#8221; custom_margin=&#8221;0px||0px||false|false&#8221; custom_padding=&#8221;0px||0px||false|false&#8221; global_colors_info=&#8221;{}&#8221;][et_pb_column type=&#8221;4_4&#8243; _builder_version=&#8221;4.20.2&#8243; _module_preset=&#8221;default&#8221; global_colors_info=&#8221;{}&#8221;][dsm_breadcrumbs home_icon=&#8221;&#xe074;||divi||400&#8243; separator_icon=&#8221;&#x39;||divi||400&#8243; _builder_version=&#8221;4.20.2&#8243; _module_preset=&#8221;default&#8221; global_colors_info=&#8221;{}&#8221;][\/dsm_breadcrumbs][\/et_pb_column][\/et_pb_row][et_pb_row _builder_version=&#8221;4.20.2&#8243; _module_preset=&#8221;default&#8221; max_width=&#8221;1400px&#8221; custom_margin=&#8221;|auto||auto|false|false&#8221; custom_padding=&#8221;0px||||false|false&#8221; hover_enabled=&#8221;0&#8243; global_colors_info=&#8221;{}&#8221; sticky_enabled=&#8221;0&#8243;][et_pb_column type=&#8221;4_4&#8243; _builder_version=&#8221;4.20.2&#8243; _module_preset=&#8221;default&#8221; global_colors_info=&#8221;{}&#8221;][et_pb_text _builder_version=&#8221;4.20.2&#8243; _module_preset=&#8221;default&#8221; text_text_color=&#8221;#323232&#8243; header_font_size=&#8221;40px&#8221; header_5_font_size=&#8221;36px&#8221; header_font_size_tablet=&#8221;50px&#8221; header_font_size_phone=&#8221;40px&#8221; header_font_size_last_edited=&#8221;on|phone&#8221; global_colors_info=&#8221;{}&#8221;]<\/p>\n<h1 style=\"text-align: left;\"><strong>2 spaces<\/strong><\/h1>\n<h2 style=\"text-align: left;\">That encourage innovation and collaboration<\/h2>\n<p>[\/et_pb_text][\/et_pb_column][\/et_pb_row][et_pb_row _builder_version=&#8221;4.20.2&#8243; _module_preset=&#8221;default&#8221; max_width=&#8221;1400px&#8221; custom_margin=&#8221;||0px||false|false&#8221; custom_padding=&#8221;||0px||false|false&#8221; global_colors_info=&#8221;{}&#8221;][et_pb_column type=&#8221;4_4&#8243; _builder_version=&#8221;4.20.2&#8243; _module_preset=&#8221;default&#8221; global_colors_info=&#8221;{}&#8221;][et_pb_text _builder_version=&#8221;4.20.2&#8243; _module_preset=&#8221;default&#8221; text_font_size=&#8221;20px&#8221; text_line_height=&#8221;1.8em&#8221; header_font_size=&#8221;50px&#8221; header_3_font_size=&#8221;25px&#8221; header_3_line_height=&#8221;1.2em&#8221; custom_margin=&#8221;||||false|false&#8221; custom_padding=&#8221;||||true|true&#8221; header_font_size_tablet=&#8221;50px&#8221; header_font_size_phone=&#8221;40px&#8221; header_font_size_last_edited=&#8221;on|phone&#8221; global_colors_info=&#8221;{}&#8221;]<\/p>\n<h3>To enrich discussions and ensure the best possible dissemination of knowledge and innovative practices, two discussion areas have been specially designed: <strong>La Serre et l&#8217;Atelier.<\/strong><\/h3>\n<p>These two areas offer <strong>platforms tailored to the different communication and information-sharing<\/strong> needs of speakers and participants. From in-depth conferences to short, practical presentations, the Biodiversity and Ecological Engineering Show guarantees rich and constructive exchanges, fostering innovation and collaboration in this field that is so crucial to our future.<\/p>\n<div class=\"mt-1 flex gap-3 empty:hidden juice:-ml-3\">\n<div class=\"items-center justify-start rounded-xl p-1 flex\">\n<div class=\"flex items-center\">\n<div class=\"flex items-center pb-0.5 juice:pb-0\"><\/div>\n<\/div>\n<\/div>\n<\/div>\n<p>[\/et_pb_text][\/et_pb_column][\/et_pb_row][et_pb_row column_structure=&#8221;1_2,1_2&#8243; _builder_version=&#8221;4.20.2&#8243; _module_preset=&#8221;default&#8221; max_width=&#8221;1400px&#8221; custom_margin=&#8221;0px||20px||false|false&#8221; custom_padding=&#8221;|23px||23px|false|true&#8221; animation_style=&#8221;fade&#8221; hover_enabled=&#8221;0&#8243; global_colors_info=&#8221;{}&#8221; sticky_enabled=&#8221;0&#8243;][et_pb_column type=&#8221;1_2&#8243; _builder_version=&#8221;4.20.2&#8243; _module_preset=&#8221;default&#8221; global_colors_info=&#8221;{}&#8221;][et_pb_image src=&#8221;https:\/\/www.salonbiodiversite.com\/app\/uploads\/2024\/12\/SMCL24_BENOIT_241119_000172.jpg&#8221; alt=&#8221;espace de conf\u00e9rences&#8221; title_text=&#8221;SMCL24_BENOIT_241119_000172&#8243; _builder_version=&#8221;4.20.2&#8243; _module_preset=&#8221;default&#8221; width=&#8221;100%&#8221; custom_margin=&#8221;14px||||false|false&#8221; animation_style=&#8221;flip&#8221; animation_duration=&#8221;1050ms&#8221; box_shadow_style=&#8221;preset2&#8243; global_colors_info=&#8221;{}&#8221;][\/et_pb_image][\/et_pb_column][et_pb_column type=&#8221;1_2&#8243; _builder_version=&#8221;4.20.2&#8243; _module_preset=&#8221;default&#8221; global_colors_info=&#8221;{}&#8221;][et_pb_text _builder_version=&#8221;4.20.2&#8243; _module_preset=&#8221;default&#8221; text_font_size=&#8221;20px&#8221; text_line_height=&#8221;1.8em&#8221; header_2_font_size=&#8221;35px&#8221; header_5_font_size=&#8221;30px&#8221; custom_margin=&#8221;10px||||false|false&#8221; global_colors_info=&#8221;{}&#8221;]<\/p>\n<h2 style=\"text-align: left;\"><strong>La Serre, <\/strong>a place for conferences and in-depth debate.<\/h2>\n<p>This space is dedicated <strong>to the challenges of biodiversity and the strategies and courses of action pursued<\/strong> by public authorities and professionals in the sector. It has been designed to allow for <strong>long sequences<\/strong>, encouraging in-depth discussions and multi-stakeholder debates.<\/p>\n<p>[\/et_pb_text][\/et_pb_column][\/et_pb_row][et_pb_row column_structure=&#8221;1_2,1_2&#8243; _builder_version=&#8221;4.20.2&#8243; _module_preset=&#8221;default&#8221; max_width=&#8221;1400px&#8221; custom_margin=&#8221;-50px||50px||false|false&#8221; custom_padding=&#8221;|23px||23px|false|true&#8221; animation_style=&#8221;fade&#8221; hover_enabled=&#8221;0&#8243; global_colors_info=&#8221;{}&#8221; sticky_enabled=&#8221;0&#8243;][et_pb_column type=&#8221;1_2&#8243; _builder_version=&#8221;4.20.2&#8243; _module_preset=&#8221;default&#8221; global_colors_info=&#8221;{}&#8221;][et_pb_image src=&#8221;https:\/\/www.salonbiodiversite.com\/app\/uploads\/2024\/12\/SMCL24_MAX_241120_000111-2.jpg&#8221; alt=&#8221;espace atelier&#8221; title_text=&#8221;SMCL24_MAX_241120_000111 2&#8243; _builder_version=&#8221;4.20.2&#8243; _module_preset=&#8221;default&#8221; width=&#8221;100%&#8221; custom_margin=&#8221;15px||||false|false&#8221; box_shadow_style=&#8221;preset2&#8243; global_colors_info=&#8221;{}&#8221;][\/et_pb_image][\/et_pb_column][et_pb_column type=&#8221;1_2&#8243; _builder_version=&#8221;4.20.2&#8243; _module_preset=&#8221;default&#8221; global_colors_info=&#8221;{}&#8221;][et_pb_text _builder_version=&#8221;4.20.2&#8243; _module_preset=&#8221;default&#8221; text_font_size=&#8221;20px&#8221; text_line_height=&#8221;1.8em&#8221; header_2_font_size=&#8221;35px&#8221; header_5_font_size=&#8221;30px&#8221; custom_margin=&#8221;10px||||false|false&#8221; global_colors_info=&#8221;{}&#8221;]<\/p>\n<h2 style=\"text-align: left;\"><strong>L&#8217;Atelier, <\/strong>pratical illustrations and operational solutions<\/h2>\n<p>This area is designed to <strong>illustrate specific subjects, methods and operational solutions<\/strong> relating to biodiversity and ecological engineering. This space <strong>favours direct and close exchanges with the public,<\/strong> facilitating more dynamic and concrete interaction.<\/p>\n<p>[\/et_pb_text][\/et_pb_column][\/et_pb_row][\/et_pb_section][et_pb_section fb_built=&#8221;1&#8243; _builder_version=&#8221;4.20.2&#8243; _module_preset=&#8221;default&#8221; custom_margin=&#8221;0px||||false|false&#8221; custom_padding=&#8221;0px||||false|false&#8221; global_colors_info=&#8221;{}&#8221;][et_pb_row _builder_version=&#8221;4.20.2&#8243; _module_preset=&#8221;default&#8221; max_width=&#8221;1400px&#8221; custom_margin=&#8221;50px||||false|false&#8221; hover_enabled=&#8221;0&#8243; global_colors_info=&#8221;{}&#8221; sticky_enabled=&#8221;0&#8243;][et_pb_column type=&#8221;4_4&#8243; _builder_version=&#8221;4.20.2&#8243; _module_preset=&#8221;default&#8221; global_colors_info=&#8221;{}&#8221;][et_pb_text _builder_version=&#8221;4.20.2&#8243; _module_preset=&#8221;default&#8221; text_font_size=&#8221;20px&#8221; header_2_font_size=&#8221;40px&#8221; custom_margin=&#8221;20px||||false|false&#8221; global_colors_info=&#8221;{}&#8221;]<\/p>\n<h2 style=\"text-align: left;\"><strong>A strong partnership<\/strong><\/h2>\n<p style=\"text-align: left;\">The Salon des Maires et des Collectivit\u00e9s Locales is organised by INFOPRO DIGITAL in conjunction with the Association des Maires et des Pr\u00e9sidents d&#8217;Intercommunalit\u00e9 de France, which is holding its annual conference at the same time.<\/p>\n<p>[\/et_pb_text][\/et_pb_column][\/et_pb_row][et_pb_row column_structure=&#8221;1_3,1_3,1_3&#8243; _builder_version=&#8221;4.20.2&#8243; _module_preset=&#8221;default&#8221; global_colors_info=&#8221;{}&#8221;][et_pb_column type=&#8221;1_3&#8243; _builder_version=&#8221;4.20.2&#8243; _module_preset=&#8221;default&#8221; global_colors_info=&#8221;{}&#8221;][et_pb_image src=&#8221;https:\/\/www.salonbiodiversite.com\/app\/uploads\/2024\/10\/UPGE-UNION-DES-PROFESSIONNELS-DU-GENIE-ECOLOGIQUE.jpg&#8221; alt=&#8221;UPGE&#8221; title_text=&#8221;UPGE &#8211; UNION DES PROFESSIONNELS DU GENIE ECOLOGIQUE&#8221; url=&#8221;https:\/\/www.infopro-digital.com\/fr\/&#8221; url_new_window=&#8221;on&#8221; align=&#8221;center&#8221; _builder_version=&#8221;4.20.2&#8243; _module_preset=&#8221;default&#8221; width=&#8221;51%&#8221; custom_margin=&#8221;-12px||||false|false&#8221; global_colors_info=&#8221;{}&#8221;][\/et_pb_image][\/et_pb_column][et_pb_column type=&#8221;1_3&#8243; _builder_version=&#8221;4.20.2&#8243; _module_preset=&#8221;default&#8221; global_colors_info=&#8221;{}&#8221;][et_pb_image src=&#8221;https:\/\/www.salonbiodiversite.com\/app\/uploads\/2025\/10\/logo_ecomaires.webp&#8221; alt=&#8221;Logo Infopro Digital&#8221; title_text=&#8221;logo_ecomaires&#8221; url=&#8221;https:\/\/www.infopro-digital.com\/fr\/&#8221; url_new_window=&#8221;on&#8221; align=&#8221;center&#8221; _builder_version=&#8221;4.20.2&#8243; _module_preset=&#8221;default&#8221; width=&#8221;51%&#8221; custom_margin=&#8221;-12px||||false|false&#8221; global_colors_info=&#8221;{}&#8221;][\/et_pb_image][\/et_pb_column][et_pb_column type=&#8221;1_3&#8243; _builder_version=&#8221;4.20.2&#8243; _module_preset=&#8221;default&#8221; global_colors_info=&#8221;{}&#8221;][et_pb_image src=&#8221;https:\/\/www.salonbiodiversite.com\/app\/uploads\/2025\/10\/Logo-amf-bas.png&#8221; alt=&#8221;Logo Infopro Digital&#8221; title_text=&#8221;Logo-amf-bas&#8221; url=&#8221;https:\/\/www.infopro-digital.com\/fr\/&#8221; url_new_window=&#8221;on&#8221; _builder_version=&#8221;4.20.2&#8243; _module_preset=&#8221;default&#8221; width=&#8221;60%&#8221; custom_margin=&#8221;-12px||||false|false&#8221; global_colors_info=&#8221;{}&#8221;][\/et_pb_image][\/et_pb_column][\/et_pb_row][et_pb_row _builder_version=&#8221;4.20.2&#8243; _module_preset=&#8221;default&#8221; max_width=&#8221;1400px&#8221; custom_margin=&#8221;50px||||false|false&#8221; hover_enabled=&#8221;0&#8243; global_colors_info=&#8221;{}&#8221; sticky_enabled=&#8221;0&#8243;][et_pb_column type=&#8221;4_4&#8243; _builder_version=&#8221;4.20.2&#8243; _module_preset=&#8221;default&#8221; global_colors_info=&#8221;{}&#8221;][et_pb_text _builder_version=&#8221;4.20.2&#8243; _module_preset=&#8221;default&#8221; custom_margin=&#8221;20px||||false|false&#8221; global_colors_info=&#8221;{}&#8221;]<\/p>\n<h2 style=\"text-align: left;\"><strong>With the support of :\u00a0<\/strong><\/h2>\n<p>[\/et_pb_text][et_pb_image src=&#8221;https:\/\/www.salonbiodiversite.com\/app\/uploads\/2025\/10\/logo_unep_0.png&#8221; alt=&#8221;Logo Infopro Digital&#8221; title_text=&#8221;logo_unep_0&#8243; url=&#8221;https:\/\/www.infopro-digital.com\/fr\/&#8221; url_new_window=&#8221;on&#8221; align=&#8221;center&#8221; _builder_version=&#8221;4.20.2&#8243; _module_preset=&#8221;default&#8221; width=&#8221;25%&#8221; custom_margin=&#8221;-12px||||false|false&#8221; global_colors_info=&#8221;{}&#8221;][\/et_pb_image][\/et_pb_column][\/et_pb_row][\/et_pb_section]<\/p>\n","protected":false},"excerpt":{"rendered":"<p>Discover \u2018La Serre\u2019 and \u2018l&#8217;Atelier\u2019, the two speaking areas at the Biodiversity and Ecological Engineering Show.<\/p>\n","protected":false},"author":3,"featured_media":1367,"parent":19454,"menu_order":0,"comment_status":"closed","ping_status":"closed","template":"","meta":{"_acf_changed":false,"_et_pb_use_builder":"on","_et_pb_old_content":"","_et_gb_content_width":"","footnotes":""},"class_list":["post-19391","page","type-page","status-publish","has-post-thumbnail","hentry"],"acf":[],"yoast_head":"<!-- This site is optimized with the Yoast SEO plugin v23.9 - https:\/\/yoast.com\/wordpress\/plugins\/seo\/ -->\n<title>Talks - Salon de la Biodiversit\u00e9 et du G\u00e9nie \u00e9cologique<\/title>\n<meta name=\"description\" content=\"Discover \u2018La Serre\u2019 and \u2018l&#039;Atelier\u2019, the two speaking areas at the Biodiversity and Ecological Engineering Show.\" \/>\n<meta name=\"robots\" content=\"index, follow, max-snippet:-1, max-image-preview:large, max-video-preview:-1\" \/>\n<link rel=\"canonical\" href=\"https:\/\/www.salonbiodiversite.com\/en\/the-exhibition\/talks\/\" \/>\n<meta property=\"og:locale\" content=\"en_US\" \/>\n<meta property=\"og:type\" content=\"article\" \/>\n<meta property=\"og:title\" content=\"Talks - Salon de la Biodiversit\u00e9 et du G\u00e9nie \u00e9cologique\" \/>\n<meta property=\"og:description\" content=\"Discover \u2018La Serre\u2019 and \u2018l&#039;Atelier\u2019, the two speaking areas at the Biodiversity and Ecological Engineering Show.\" \/>\n<meta property=\"og:site_name\" content=\"Salon de la Biodiversit\u00e9 et du G\u00e9nie \u00e9cologique\" \/>\n<meta property=\"article:publisher\" content=\"https:\/\/www.facebook.com\/profile.php?id=61557937943062\" \/>\n<meta property=\"article:modified_time\" content=\"2026-03-26T08:06:54+00:00\" \/>\n<meta property=\"og:image\" content=\"https:\/\/www.salonbiodiversite.com\/app\/uploads\/2024\/07\/SMCL23_J1_Benoit_00008-2-5.jpg\" \/>\n\t<meta property=\"og:image:width\" content=\"2048\" \/>\n\t<meta property=\"og:image:height\" content=\"1026\" \/>\n\t<meta property=\"og:image:type\" content=\"image\/jpeg\" \/>\n<meta name=\"twitter:card\" content=\"summary_large_image\" \/>\n<meta name=\"twitter:label1\" content=\"Est. reading time\" \/>\n\t<meta name=\"twitter:data1\" content=\"3 minutes\" \/>\n<script type=\"application\/ld+json\" class=\"yoast-schema-graph\">{\"@context\":\"https:\/\/schema.org\",\"@graph\":[{\"@type\":\"WebPage\",\"@id\":\"https:\/\/www.salonbiodiversite.com\/en\/the-exhibition\/talks\/\",\"url\":\"https:\/\/www.salonbiodiversite.com\/en\/the-exhibition\/talks\/\",\"name\":\"Talks - Salon de la Biodiversit\u00e9 et du G\u00e9nie \u00e9cologique\",\"isPartOf\":{\"@id\":\"https:\/\/www.salonbiodiversite.com\/#website\"},\"primaryImageOfPage\":{\"@id\":\"https:\/\/www.salonbiodiversite.com\/en\/the-exhibition\/talks\/#primaryimage\"},\"image\":{\"@id\":\"https:\/\/www.salonbiodiversite.com\/en\/the-exhibition\/talks\/#primaryimage\"},\"thumbnailUrl\":\"https:\/\/www.salonbiodiversite.com\/app\/uploads\/2024\/07\/SMCL23_J1_Benoit_00008-2-5.jpg\",\"datePublished\":\"2024-08-19T09:35:04+00:00\",\"dateModified\":\"2026-03-26T08:06:54+00:00\",\"description\":\"Discover \u2018La Serre\u2019 and \u2018l'Atelier\u2019, the two speaking areas at the Biodiversity and Ecological Engineering Show.\",\"breadcrumb\":{\"@id\":\"https:\/\/www.salonbiodiversite.com\/en\/the-exhibition\/talks\/#breadcrumb\"},\"inLanguage\":\"en-US\",\"potentialAction\":[{\"@type\":\"ReadAction\",\"target\":[\"https:\/\/www.salonbiodiversite.com\/en\/the-exhibition\/talks\/\"]}]},{\"@type\":\"ImageObject\",\"inLanguage\":\"en-US\",\"@id\":\"https:\/\/www.salonbiodiversite.com\/en\/the-exhibition\/talks\/#primaryimage\",\"url\":\"https:\/\/www.salonbiodiversite.com\/app\/uploads\/2024\/07\/SMCL23_J1_Benoit_00008-2-5.jpg\",\"contentUrl\":\"https:\/\/www.salonbiodiversite.com\/app\/uploads\/2024\/07\/SMCL23_J1_Benoit_00008-2-5.jpg\",\"width\":2048,\"height\":1026,\"caption\":\"espace de conf\u00e9rences\"},{\"@type\":\"BreadcrumbList\",\"@id\":\"https:\/\/www.salonbiodiversite.com\/en\/the-exhibition\/talks\/#breadcrumb\",\"itemListElement\":[{\"@type\":\"ListItem\",\"position\":1,\"name\":\"Home\",\"item\":\"https:\/\/www.salonbiodiversite.com\/en\/\"},{\"@type\":\"ListItem\",\"position\":2,\"name\":\"The exhibition (2)\",\"item\":\"https:\/\/www.salonbiodiversite.com\/en\/the-exhibition\/\"},{\"@type\":\"ListItem\",\"position\":3,\"name\":\"Talks\"}]},{\"@type\":\"WebSite\",\"@id\":\"https:\/\/www.salonbiodiversite.com\/#website\",\"url\":\"https:\/\/www.salonbiodiversite.com\/\",\"name\":\"Salon de la Biodiversit\u00e9 et du G\u00e9nie \u00e9cologique\",\"description\":\"La Nature au coeur de l&#039;adaptation des territoires - du 18 au 20 novembre 2025\",\"publisher\":{\"@id\":\"https:\/\/www.salonbiodiversite.com\/#organization\"},\"potentialAction\":[{\"@type\":\"SearchAction\",\"target\":{\"@type\":\"EntryPoint\",\"urlTemplate\":\"https:\/\/www.salonbiodiversite.com\/?s={search_term_string}\"},\"query-input\":{\"@type\":\"PropertyValueSpecification\",\"valueRequired\":true,\"valueName\":\"search_term_string\"}}],\"inLanguage\":\"en-US\"},{\"@type\":\"Organization\",\"@id\":\"https:\/\/www.salonbiodiversite.com\/#organization\",\"name\":\"Salon de la Biodiversit\u00e9 et du G\u00e9nie \u00e9cologique\",\"url\":\"https:\/\/www.salonbiodiversite.com\/\",\"logo\":{\"@type\":\"ImageObject\",\"inLanguage\":\"en-US\",\"@id\":\"https:\/\/www.salonbiodiversite.com\/#\/schema\/logo\/image\/\",\"url\":\"https:\/\/www.salonbiodiversite.com\/app\/uploads\/2024\/06\/vert@4x.png\",\"contentUrl\":\"https:\/\/www.salonbiodiversite.com\/app\/uploads\/2024\/06\/vert@4x.png\",\"width\":3599,\"height\":1778,\"caption\":\"Salon de la Biodiversit\u00e9 et du G\u00e9nie \u00e9cologique\"},\"image\":{\"@id\":\"https:\/\/www.salonbiodiversite.com\/#\/schema\/logo\/image\/\"},\"sameAs\":[\"https:\/\/www.facebook.com\/profile.php?id=61557937943062\"]}]}<\/script>\n<!-- \/ Yoast SEO plugin. -->","yoast_head_json":{"title":"Talks - Salon de la Biodiversit\u00e9 et du G\u00e9nie \u00e9cologique","description":"Discover \u2018La Serre\u2019 and \u2018l'Atelier\u2019, the two speaking areas at the Biodiversity and Ecological Engineering Show.","robots":{"index":"index","follow":"follow","max-snippet":"max-snippet:-1","max-image-preview":"max-image-preview:large","max-video-preview":"max-video-preview:-1"},"canonical":"https:\/\/www.salonbiodiversite.com\/en\/the-exhibition\/talks\/","og_locale":"en_US","og_type":"article","og_title":"Talks - Salon de la Biodiversit\u00e9 et du G\u00e9nie \u00e9cologique","og_description":"Discover \u2018La Serre\u2019 and \u2018l'Atelier\u2019, the two speaking areas at the Biodiversity and Ecological Engineering Show.","og_site_name":"Salon de la Biodiversit\u00e9 et du G\u00e9nie \u00e9cologique","article_publisher":"https:\/\/www.facebook.com\/profile.php?id=61557937943062","article_modified_time":"2026-03-26T08:06:54+00:00","og_image":[{"width":2048,"height":1026,"url":"https:\/\/www.salonbiodiversite.com\/app\/uploads\/2024\/07\/SMCL23_J1_Benoit_00008-2-5.jpg","type":"image\/jpeg"}],"twitter_card":"summary_large_image","twitter_misc":{"Est. reading time":"3 minutes"},"schema":{"@context":"https:\/\/schema.org","@graph":[{"@type":"WebPage","@id":"https:\/\/www.salonbiodiversite.com\/en\/the-exhibition\/talks\/","url":"https:\/\/www.salonbiodiversite.com\/en\/the-exhibition\/talks\/","name":"Talks - Salon de la Biodiversit\u00e9 et du G\u00e9nie \u00e9cologique","isPartOf":{"@id":"https:\/\/www.salonbiodiversite.com\/#website"},"primaryImageOfPage":{"@id":"https:\/\/www.salonbiodiversite.com\/en\/the-exhibition\/talks\/#primaryimage"},"image":{"@id":"https:\/\/www.salonbiodiversite.com\/en\/the-exhibition\/talks\/#primaryimage"},"thumbnailUrl":"https:\/\/www.salonbiodiversite.com\/app\/uploads\/2024\/07\/SMCL23_J1_Benoit_00008-2-5.jpg","datePublished":"2024-08-19T09:35:04+00:00","dateModified":"2026-03-26T08:06:54+00:00","description":"Discover \u2018La Serre\u2019 and \u2018l'Atelier\u2019, the two speaking areas at the Biodiversity and Ecological Engineering Show.","breadcrumb":{"@id":"https:\/\/www.salonbiodiversite.com\/en\/the-exhibition\/talks\/#breadcrumb"},"inLanguage":"en-US","potentialAction":[{"@type":"ReadAction","target":["https:\/\/www.salonbiodiversite.com\/en\/the-exhibition\/talks\/"]}]},{"@type":"ImageObject","inLanguage":"en-US","@id":"https:\/\/www.salonbiodiversite.com\/en\/the-exhibition\/talks\/#primaryimage","url":"https:\/\/www.salonbiodiversite.com\/app\/uploads\/2024\/07\/SMCL23_J1_Benoit_00008-2-5.jpg","contentUrl":"https:\/\/www.salonbiodiversite.com\/app\/uploads\/2024\/07\/SMCL23_J1_Benoit_00008-2-5.jpg","width":2048,"height":1026,"caption":"espace de conf\u00e9rences"},{"@type":"BreadcrumbList","@id":"https:\/\/www.salonbiodiversite.com\/en\/the-exhibition\/talks\/#breadcrumb","itemListElement":[{"@type":"ListItem","position":1,"name":"Home","item":"https:\/\/www.salonbiodiversite.com\/en\/"},{"@type":"ListItem","position":2,"name":"The exhibition (2)","item":"https:\/\/www.salonbiodiversite.com\/en\/the-exhibition\/"},{"@type":"ListItem","position":3,"name":"Talks"}]},{"@type":"WebSite","@id":"https:\/\/www.salonbiodiversite.com\/#website","url":"https:\/\/www.salonbiodiversite.com\/","name":"Salon de la Biodiversit\u00e9 et du G\u00e9nie \u00e9cologique","description":"La Nature au coeur de l&#039;adaptation des territoires - du 18 au 20 novembre 2025","publisher":{"@id":"https:\/\/www.salonbiodiversite.com\/#organization"},"potentialAction":[{"@type":"SearchAction","target":{"@type":"EntryPoint","urlTemplate":"https:\/\/www.salonbiodiversite.com\/?s={search_term_string}"},"query-input":{"@type":"PropertyValueSpecification","valueRequired":true,"valueName":"search_term_string"}}],"inLanguage":"en-US"},{"@type":"Organization","@id":"https:\/\/www.salonbiodiversite.com\/#organization","name":"Salon de la Biodiversit\u00e9 et du G\u00e9nie \u00e9cologique","url":"https:\/\/www.salonbiodiversite.com\/","logo":{"@type":"ImageObject","inLanguage":"en-US","@id":"https:\/\/www.salonbiodiversite.com\/#\/schema\/logo\/image\/","url":"https:\/\/www.salonbiodiversite.com\/app\/uploads\/2024\/06\/vert@4x.png","contentUrl":"https:\/\/www.salonbiodiversite.com\/app\/uploads\/2024\/06\/vert@4x.png","width":3599,"height":1778,"caption":"Salon de la Biodiversit\u00e9 et du G\u00e9nie \u00e9cologique"},"image":{"@id":"https:\/\/www.salonbiodiversite.com\/#\/schema\/logo\/image\/"},"sameAs":["https:\/\/www.facebook.com\/profile.php?id=61557937943062"]}]}},"_links":{"self":[{"href":"https:\/\/www.salonbiodiversite.com\/en\/wp-json\/wp\/v2\/pages\/19391","targetHints":{"allow":["GET"]}}],"collection":[{"href":"https:\/\/www.salonbiodiversite.com\/en\/wp-json\/wp\/v2\/pages"}],"about":[{"href":"https:\/\/www.salonbiodiversite.com\/en\/wp-json\/wp\/v2\/types\/page"}],"author":[{"embeddable":true,"href":"https:\/\/www.salonbiodiversite.com\/en\/wp-json\/wp\/v2\/users\/3"}],"replies":[{"embeddable":true,"href":"https:\/\/www.salonbiodiversite.com\/en\/wp-json\/wp\/v2\/comments?post=19391"}],"version-history":[{"count":18,"href":"https:\/\/www.salonbiodiversite.com\/en\/wp-json\/wp\/v2\/pages\/19391\/revisions"}],"predecessor-version":[{"id":21463,"href":"https:\/\/www.salonbiodiversite.com\/en\/wp-json\/wp\/v2\/pages\/19391\/revisions\/21463"}],"up":[{"embeddable":true,"href":"https:\/\/www.salonbiodiversite.com\/en\/wp-json\/wp\/v2\/pages\/19454"}],"wp:featuredmedia":[{"embeddable":true,"href":"https:\/\/www.salonbiodiversite.com\/en\/wp-json\/wp\/v2\/media\/1367"}],"wp:attachment":[{"href":"https:\/\/www.salonbiodiversite.com\/en\/wp-json\/wp\/v2\/media?parent=19391"}],"curies":[{"name":"wp","href":"https:\/\/api.w.org\/{rel}","templated":true}]}}