{"id":19404,"date":"2024-08-19T11:32:17","date_gmt":"2024-08-19T09:32:17","guid":{"rendered":"https:\/\/www.salonbiodiversite.com\/?page_id=19404"},"modified":"2026-03-24T10:31:49","modified_gmt":"2026-03-24T09:31:49","slug":"practical-information","status":"publish","type":"page","link":"https:\/\/www.salonbiodiversite.com\/en\/participate\/practical-information\/","title":{"rendered":"Practical information"},"content":{"rendered":"<p>[et_pb_section fb_built=&#8221;1&#8243; _builder_version=&#8221;4.20.2&#8243; _module_preset=&#8221;default&#8221; global_colors_info=&#8221;{}&#8221;][et_pb_row _builder_version=&#8221;4.20.2&#8243; _module_preset=&#8221;default&#8221; width=&#8221;90%&#8221; max_width=&#8221;1400px&#8221; custom_margin=&#8221;0px||0px||false|false&#8221; custom_padding=&#8221;0px||0px||false|false&#8221; global_colors_info=&#8221;{}&#8221;][et_pb_column type=&#8221;4_4&#8243; _builder_version=&#8221;4.20.2&#8243; _module_preset=&#8221;default&#8221; global_colors_info=&#8221;{}&#8221;][dsm_breadcrumbs home_icon=&#8221;&#xe074;||divi||400&#8243; separator_icon=&#8221;&#x39;||divi||400&#8243; _builder_version=&#8221;4.20.2&#8243; _module_preset=&#8221;default&#8221; global_colors_info=&#8221;{}&#8221;][\/dsm_breadcrumbs][\/et_pb_column][\/et_pb_row][et_pb_row _builder_version=&#8221;4.20.2&#8243; _module_preset=&#8221;default&#8221; max_width=&#8221;1400px&#8221; custom_padding=&#8221;0px||||false|false&#8221; hover_enabled=&#8221;0&#8243; global_colors_info=&#8221;{}&#8221; sticky_enabled=&#8221;0&#8243;][et_pb_column type=&#8221;4_4&#8243; _builder_version=&#8221;4.20.2&#8243; _module_preset=&#8221;default&#8221; global_colors_info=&#8221;{}&#8221;][et_pb_text _builder_version=&#8221;4.20.2&#8243; _module_preset=&#8221;default&#8221; hover_enabled=&#8221;0&#8243; global_colors_info=&#8221;{}&#8221; sticky_enabled=&#8221;0&#8243;]<\/p>\n<h1><strong>Pratical Information<\/strong><\/h1>\n<p>[\/et_pb_text][\/et_pb_column][\/et_pb_row][et_pb_row _builder_version=&#8221;4.20.2&#8243; _module_preset=&#8221;default&#8221; hover_enabled=&#8221;0&#8243; global_colors_info=&#8221;{}&#8221; max_width=&#8221;1400px&#8221; sticky_enabled=&#8221;0&#8243;][et_pb_column type=&#8221;4_4&#8243; _builder_version=&#8221;4.20.2&#8243; _module_preset=&#8221;default&#8221; global_colors_info=&#8221;{}&#8221;][et_pb_text _builder_version=&#8221;4.20.2&#8243; _module_preset=&#8221;default&#8221; global_colors_info=&#8221;{}&#8221;]<\/p>\n<div class=\"et_pb_module et_pb_text et_pb_text_1  et_pb_text_align_left et_pb_bg_layout_light\">\n<div class=\"et_pb_text_inner\">\n<h2><strong>Venue :<\/strong><\/h2>\n<\/div>\n<\/div>\n<div class=\"et_pb_module et_pb_text et_pb_text_2  et_pb_text_align_left et_pb_bg_layout_light\">\n<div class=\"et_pb_text_inner\">\n<p>Paris Expo Porte de Versailles<br \/>1 Place de la Porte de Versailles<br \/>75015 Paris<\/p>\n<\/div>\n<\/div>\n<div class=\"et_pb_module et_pb_text et_pb_text_3  et_pb_text_align_left et_pb_bg_layout_light\">\n<div class=\"et_pb_text_inner\">\n<h2><strong>Exhibition dates and opening times:<\/strong><\/h2>\n<\/div>\n<\/div>\n<div class=\"et_pb_module et_pb_text et_pb_text_4  et_pb_text_align_left et_pb_bg_layout_light\">\n<div class=\"et_pb_text_inner\">\n<ul>\n<li>Tuesday 24 November 2026: 9:00 am to 7:00 pm.<\/li>\n<li>Wednesday 25 November 2026: 9:00 am to 7:00 pm.<\/li>\n<li>Thursday 26 November 2026: 9:00 am to 6:00 pm.<\/li>\n<\/ul>\n<\/div>\n<\/div>\n<div class=\"et_pb_module et_pb_text et_pb_text_5  et_pb_text_align_left et_pb_bg_layout_light\">\n<div class=\"et_pb_text_inner\">\n<h2 aria-label=\"R\u00e9digez un titre\u2026\" role=\"textbox\" class=\"block-editor-block-list__block wp-block is-selected rich-text block-editor-rich-text__editable is-hovered wp-block\" aria-multiline=\"true\" id=\"block-c445585e-719f-45af-80a6-9fc7006c3a24\" data-block=\"c445585e-719f-45af-80a6-9fc7006c3a24\" data-type=\"core\/heading\" data-title=\"Titre\" contenteditable=\"true\" tabindex=\"0\"><strong>Accessing the exhibition:<\/strong><\/h2>\n<\/div>\n<\/div>\n<div class=\"et_pb_module et_pb_text et_pb_text_6  et_pb_text_align_left et_pb_bg_layout_light\">\n<div class=\"et_pb_text_inner\">\n<h3><strong>By car :<\/strong><\/h3>\n<\/div>\n<\/div>\n<div class=\"et_pb_module et_pb_text et_pb_text_7  et_pb_text_align_left et_pb_bg_layout_light\">\n<div class=\"et_pb_text_inner\">\n<p>Paris Expo Porte de Versailles: 1, place de la Porte de Versailles, Paris<\/p>\n<p>&nbsp;<\/p>\n<p><strong>Car park 1<\/strong>: 2 rue d\u2019Oradour-sur-Glane, 75 015 Paris<br \/><strong>Car park<\/strong><span>\u00a0<\/span><strong>6<\/strong>: Place des Insurg\u00e9s de Varsovie, 75 015 Paris entrance \/ VIP entrance Avenue de la Porte de la Plaine, 75 015 Paris<br \/><strong>Car park<\/strong><span>\u00a0<\/span><strong>7<\/strong>: Rue Marcel Yol, Vanve, 92 170 Vanves<\/p>\n<p>&nbsp;<\/p>\n<\/div>\n<\/div>\n<div class=\"et_pb_module et_pb_text et_pb_text_8  et_pb_text_align_left et_pb_bg_layout_light\">\n<div class=\"et_pb_text_inner\">\n<h3><strong>By bus :<\/strong><\/h3>\n<\/div>\n<\/div>\n<div class=\"et_pb_module et_pb_text et_pb_text_9  et_pb_text_align_left et_pb_bg_layout_light\">\n<div class=\"et_pb_text_inner\">\n<p><span>Line 80, Porte de Versailles \u2013 Parc des Expositions stop and line 39, Desnouettes stop<\/span><\/p>\n<\/div>\n<\/div>\n<div class=\"et_pb_module et_pb_text et_pb_text_10  et_pb_text_align_left et_pb_bg_layout_light\">\n<div class=\"et_pb_text_inner\">\n<h3><strong>By underground :<\/strong><\/h3>\n<\/div>\n<\/div>\n<div class=\"et_pb_module et_pb_text et_pb_text_11  et_pb_text_align_left et_pb_bg_layout_light\">\n<div class=\"et_pb_text_inner\">\n<p><span>Line 12, Porte de Versailles station \u2013 exit 1 to access pavilions 2 to 6<\/span><\/p>\n<\/div>\n<\/div>\n<div class=\"et_pb_module et_pb_text et_pb_text_12  et_pb_text_align_left et_pb_bg_layout_light\">\n<div class=\"et_pb_text_inner\">\n<h3><strong>By tram :<\/strong><\/h3>\n<\/div>\n<\/div>\n<div class=\"et_pb_module et_pb_text et_pb_text_13  et_pb_text_align_left et_pb_bg_layout_light\">\n<div class=\"et_pb_text_inner\">\n<p><span>T2 and T3a, Porte de Versailles \u2013 Parc des Expositions stop.<\/span><\/p>\n<\/div>\n<\/div>\n<div class=\"et_pb_module et_pb_text et_pb_text_14  et_pb_text_align_left et_pb_bg_layout_light\">\n<div class=\"et_pb_text_inner\">\n<h3><strong>By bicycle :<\/strong><\/h3>\n<\/div>\n<\/div>\n<div class=\"et_pb_module et_pb_text et_pb_text_15  et_pb_text_align_left et_pb_bg_layout_light\">\n<div class=\"et_pb_text_inner\">\n<p><span>V\u00e9lib\u2019 station avenue Ernest Renan.<\/span><\/p>\n<\/div>\n<\/div>\n<div class=\"et_pb_module et_pb_text et_pb_text_16  et_pb_text_align_left et_pb_bg_layout_light\">\n<div class=\"et_pb_text_inner\">\n<h3><strong>Airport shuttle :<\/strong><\/h3>\n<\/div>\n<\/div>\n<div class=\"et_pb_module et_pb_text et_pb_text_17  et_pb_text_align_left et_pb_bg_layout_light\">\n<div class=\"et_pb_text_inner\">\n<h4><strong data-rich-text-format-boundary=\"true\">From Roissy \u2013 Charles de Gaulle airport:<\/strong><\/h4>\n<\/div>\n<\/div>\n<div class=\"et_pb_module et_pb_text et_pb_text_18  et_pb_text_align_left et_pb_bg_layout_light\">\n<div class=\"et_pb_text_inner\">\n<p><span>RoissyBus to Paris \u2013 Op\u00e9ra, underground line 8 heading for Balard to Madeleine, underground line 12 heading for Mairie d\u2019Issy to Porte de Versailles \u2013 Parc des Expositions<\/span><br data-rich-text-line-break=\"true\" \/><span>RER B heading for Saint-R\u00e9my-l\u00e8s-Chevreuse to Cit\u00e9 Universitaire, tram T3 heading for Pont du Garigliano to Porte de Versailles \u2013 Parc des Expositions<\/span><\/p>\n<\/div>\n<\/div>\n<div class=\"et_pb_module et_pb_text et_pb_text_19  et_pb_text_align_left et_pb_bg_layout_light\">\n<div class=\"et_pb_text_inner\">\n<h4><strong data-rich-text-format-boundary=\"true\">From Orly airport:<br data-rich-text-line-break=\"true\" \/><\/strong><\/h4>\n<\/div>\n<\/div>\n<div class=\"et_pb_module et_pb_text et_pb_text_20  et_pb_text_align_left et_pb_bg_layout_light\">\n<div class=\"et_pb_text_inner\">\n<p><span>Orlyval to Antony, RER B to Cit\u00e9 Universitaire, tram T3 to the Porte de Versailles \u2013 Parc des expositions stop<\/span><br data-rich-text-line-break=\"true\" \/><span>Orlybus to Denfert-Rochereau, RER B to Cit\u00e9 Universitaire, tram T3 to the Porte de Versailles \u2013 Parc des expositions stop<\/span><\/p>\n<div class=\"et_pb_module et_pb_text et_pb_text_22  et_pb_text_align_left et_pb_bg_layout_light\">\n<div class=\"et_pb_text_inner\">\n<p><strong><\/strong><\/p>\n<\/div>\n<\/div>\n<div class=\"et_pb_module et_pb_text et_pb_text_23  et_pb_text_align_left et_pb_bg_layout_light\">\n<div class=\"et_pb_text_inner\">\n<p>&nbsp;<\/p>\n<\/div>\n<\/div>\n<\/div>\n<\/div>\n<p>[\/et_pb_text][\/et_pb_column][\/et_pb_row][\/et_pb_section]<\/p>\n","protected":false},"excerpt":{"rendered":"<p>Find out all the information you need to come to the show.<\/p>\n","protected":false},"author":3,"featured_media":19346,"parent":19471,"menu_order":0,"comment_status":"closed","ping_status":"closed","template":"","meta":{"_acf_changed":false,"_et_pb_use_builder":"on","_et_pb_old_content":"<!-- wp:heading -->\r\n<div class=\"strate alignfull has-background-color-opacity-100\">\r\n<div class=\"centrage\">\r\n<h2><strong>\u00c9DITEUR DU SITE<\/strong><\/h2>\r\n<p>Le pr\u00e9sent site internet (ci-apr\u00e8s d\u00e9nomm\u00e9 le \u00ab\u00a0Site\u00a0\u00bb) est \u00e9dit\u00e9 par\u00a0:<\/p>\r\n<p><strong>GROUPE MONITEUR<br \/><\/strong>S.A.S. au capital de 333.900 \u20ac, immatricul\u00e9e au RCS de Cr\u00e9teil sous le num\u00e9ro 403 080 823, dont le si\u00e8ge social est situ\u00e9 20 rue des Aqueducs 92 450 Gentilly \u2013 France,<br \/>N\u00b0 TVA intracommunautaire\u00a0: FR32403080823<br \/>T\u00e9l\u00a0: 01 79 06 75 20<br \/>Contact email\u00a0:\u00a0<a href=\"mailto:smcl-promotion@infopro-digital.com\" data-protectedlink=\"1\">smcl-promotion@infopro-digital.<\/a><\/p>\r\n<h2><strong>DIRECTEUR DE LA PUBLICATION<\/strong><\/h2>\r\n<p>Julien ELMALEH<\/p>\r\n<h2><strong>H\u00c9BERGEUR DU SITE<\/strong><\/h2>\r\n<p>Nom de l\u2019h\u00e9bergeur\u00a0:<br \/><strong>Online .NET<\/strong><\/p>\r\n<p>Coordonn\u00e9es compl\u00e8tes type\u00a0:<br \/>ONLINE SAS, soci\u00e9t\u00e9 par actions simplifi\u00e9e au capital de 214 410,50 Euros, filiale du groupe Iliad, immatricul\u00e9e au Registre du Commerce et des Soci\u00e9t\u00e9s de Paris sous le num\u00e9ro RCS PARIS B 433 115 904, num\u00e9ro de TVA FR 35 433115904,<\/p>\r\n<p>Si\u00e8ge social\u00a0:<br \/>ONLINE SAS BP 438 75366 PARIS CEDEX 08<\/p>\r\n<p>T\u00e9l\u00a0:<br \/><strong>+33 (0)899 173 788<\/strong>\u00a0(1.35 \u20ac par appel puis 0,34 \u20ac\/min)<\/p>\r\n<p>Contact email\u00a0:<\/p>\r\n<p><strong>1 \u2013 DROITS D\u2019AUTEUR \u2013 LIENS VERS DES SITES EXTERNES<\/strong><\/p>\r\n<p>Tous les \u00e9l\u00e9ments figurant sur le Site (images fixes, images anim\u00e9es, bases de donn\u00e9es, marques, illustrations, logos, dessins, mod\u00e8les, mises en page, documents t\u00e9l\u00e9chargeables) sont prot\u00e9g\u00e9s en tant qu\u2019\u0153uvres de l\u2019esprit par la l\u00e9gislation fran\u00e7aise et internationale sur le droit d\u2019auteur et la propri\u00e9t\u00e9 intellectuelle. Sauf autorisation pr\u00e9alable et \u00e9crite de GROUPE MONITEUR, toute reproduction, repr\u00e9sentation, adaptation, modification partielle ou int\u00e9grale de tout \u00e9l\u00e9ment composant le Site, par quelque moyen que ce soit, est interdite sous peine de poursuite judiciaire. Pour toute demande d\u2019autorisation, l\u2019utilisateur pourra adresser un courriel \u00e0 l\u2019adresse suivante :<br \/><a href=\"mailto:smcl-promotion@infopro-digital.com\" data-protectedlink=\"1\">smcl-promotion@infopro-digital.com<\/a><\/p>\r\n<p>Cependant, la reproduction d\u2019une citation provenant d\u2019un texte figurant sur le Site est autoris\u00e9e conform\u00e9ment aux dispositions du Code de la Propri\u00e9t\u00e9 Intellectuelle. L\u2019utilisation de citation est soumise \u00e0 certaines conditions :<\/p>\r\n<ul>\r\n<li>elle doit \u00eatre n\u00e9cessairement courte et s\u2019appr\u00e9ciera en fonction de la dimension des articles, des br\u00e8ves et dossiers publi\u00e9s sur le Site\u00a0;<\/li>\r\n<li>elle doit \u00eatre justifi\u00e9e par son caract\u00e8re critique, pol\u00e9mique, p\u00e9dagogique, scientifique ou d\u2019information\u00a0;<\/li>\r\n<li>elle doit clairement indiquer le nom de GROUPE MONITEUR en tant que source.<\/li>\r\n<\/ul>\r\n<p>Les \u00e9ventuels liens figurant dans le Site et renvoyant vers des sites externes sont fournis \u00e0 titre informatif. GROUPE MONITEUR ne saurait \u00eatre tenue pour responsable du contenu de ces sites externes r\u00e9f\u00e9renc\u00e9s.<\/p>\r\n<p><strong>2 \u2013 MARQUES ET LOGOS<\/strong><\/p>\r\n<p>Les marques et logos reproduits sur le Site sont prot\u00e9g\u00e9s par le droit des marques et\/ou des dessins et mod\u00e8les. Toute reproduction, r\u00e9\u00e9dition ou redistribution totale ou partielle des marques ou logos, par quelque moyen que ce soit, sans autorisation pr\u00e9alable et \u00e9crite de GROUPE MONITEUR est interdite.<\/p>\r\n<p><strong>3 \u2013 LA CR\u00c9ATION PAR DES TIERS DE LIENS VERS LE SITE<\/strong><\/p>\r\n<p>GROUPE MONITEUR autorise la mise en place d\u2019un lien hypertexte pointant vers le contenu du Site, sous r\u00e9serve d\u2019informer pr\u00e9alablement GROUPE MONITEUR de mani\u00e8re expresse par un courriel \u00e0 l\u2019adresse suivante\u00a0<a href=\"mailto:smcl-promotion@infopro-digital.com\" data-protectedlink=\"1\">smcl-promotion@infopro-digital.com<\/a>\u00a0et sous r\u00e9serve :<\/p>\r\n<ul>\r\n<li>que le lien hypertexte ouvre le Site dans une nouvelle fen\u00eatre du navigateur. Il est interdit d\u2019int\u00e9grer sur un autre site tout ou partie du contenu du Site par l\u2019utilisation de la technique des cadres (\u00ab Frame \u00bb) ;<\/li>\r\n<li>que l\u2019acc\u00e8s aux pages contenant le lien hypertexte vers le Site soit gratuit ;<\/li>\r\n<li>que le lien hypertexte aboutisse \u00e0 la page d\u2019accueil du Site. Il est interdit d\u2019utiliser la technique du lien profond (Deep linking) ;<\/li>\r\n<li>de mentionner la source avec un lien hypertexte permettant \u00e0 tout utilisateur d\u2019\u00eatre redirig\u00e9 directement sur le contenu vis\u00e9.<\/li>\r\n<\/ul>\r\n<p>Attention ! Cette autorisation ne s\u2019applique pas aux sites diffusant des informations \u00e0 caract\u00e8re pol\u00e9mique, pornographique, x\u00e9nophobe ou pouvant, dans une plus large mesure, porter atteinte \u00e0 l\u2019ordre public et aux bonnes m\u0153urs.<\/p>\r\n<p>En tout \u00e9tat de cause, GROUPE MONITEUR se r\u00e9serve le droit de demander la suppression imm\u00e9diate du lien cr\u00e9\u00e9 vers le Site sans avoir \u00e0 indiquer de raison particuli\u00e8re. Il est pr\u00e9cis\u00e9 que cette autorisation n\u2019emporte pas autorisation de reproduction de tout ou partie du contenu du Site, notamment d\u2019un titre ou d\u2019un chapeau pour le nommage du lien hypertexte.<\/p>\r\n<p><strong>4- UTILISATION DU SITE ET DES SERVICES<\/strong><\/p>\r\n<p>Certaines rubriques du Site sont accessibles aux seuls exposants des salons organis\u00e9s par GROUPE MONITEUR et sont disponibles gr\u00e2ce \u00e0 un identifiant et un code d\u2019acc\u00e8s communiqu\u00e9s par GROUPE MONITEUR.<\/p>\r\n<p>Obligations de l\u2019utilisateur\u00a0:<\/p>\r\n<p>L\u2019utilisateur s\u2019engage \u00e0 respecter les dispositions l\u00e9gales et r\u00e9glementaires en vigueur, en particulier \u00e0 ne pas utiliser le Site et ses services pour \u00e9crire, transmettre ou communiquer tout message, information ou contenu illicites, de quelque nature que ce soit, et notamment outrageant, injurieux, diffamatoire, abusif, violent, obsc\u00e8ne ou pornographique ou comprenant une provocation \u00e0 la discrimination ou \u00e0 la haine fond\u00e9e sur la race, la religion, le sexe, ou autre, une provocation aux crimes et d\u00e9lits, ou une apologie de crime, ou encore de nature \u00e0 alt\u00e9rer le fonctionnement des syst\u00e8mes informatiques. L\u2019utilisateur s\u2019interdit toute atteinte au droit de la concurrence.<\/p>\r\n<p>De la m\u00eame fa\u00e7on, l\u2019utilisateur s\u2019engage \u00e0 respecter les droits des tiers, notamment le droit de chacun au respect de sa vie priv\u00e9e, et tout droit de propri\u00e9t\u00e9 intellectuelle (droit d\u2019auteur, droits voisins, droit sur les bases de donn\u00e9es, droit des marques, droit des brevets, dessins ou mod\u00e8les, secrets de fabrique\u2026).<\/p>\r\n<p>L\u2019utilisateur s\u2019engage en outre \u00e0 n\u2019usurper aucune qualit\u00e9, attribut ou identifiant de nature \u00e0 induire en erreur ou \u00e0 cr\u00e9er une confusion quelconque quant \u00e0 son identit\u00e9.<\/p>\r\n<p>L\u2019utilisateur s\u2019oblige enfin \u00e0 ne pas diffuser via le Site des messages non sollicit\u00e9s de type publicitaire, promotionnel, cha\u00eene de courrier ou autre.<\/p>\r\n<p>L\u2019utilisateur est seul responsable de l\u2019utilisation qu\u2019il fait du Site et de ses services.<\/p>\r\n<p>En particulier, l\u2019usage des informations, messages ou donn\u00e9es de toute nature disponibles sur le Site rel\u00e8ve de la seule responsabilit\u00e9 de l\u2019utilisateur. Les d\u00e9cisions ou actions que ce dernier serait amen\u00e9 \u00e0 prendre ou \u00e0 mener en consid\u00e9ration de celles-ci ne sauraient engager d\u2019autre responsabilit\u00e9 que la sienne.<\/p>\r\n<p>L\u2019utilisateur est seul juge de l\u2019exhaustivit\u00e9 et de l\u2019utilit\u00e9 pour lui des contenus consult\u00e9s. Il s\u2019oblige en cons\u00e9quence \u00e0 user du Site et de ses services avec discernement et supporte les risques li\u00e9s \u00e0 leurs utilisations.<\/p>\r\n<p>L\u2019utilisateur accepte de se soumettre \u00e0 toute mesure mise en \u0153uvre par GROUPE MONITEUR en application du droit en vigueur.<\/p>\r\n<p>Responsabilit\u00e9 de l\u2019\u00e9diteur\u00a0:<\/p>\r\n<p>GROUPE MONITEUR fait ses meilleurs efforts pour assurer la qualit\u00e9 des informations qu\u2019elle diffuse.<br \/>Cependant, GROUPE MONITEUR ne saurait \u00eatre tenue pour responsable des messages, informations ou contenus qu\u2019elle n\u2019a pas directement cr\u00e9\u00e9s ou produits et notamment de leur v\u00e9racit\u00e9, pertinence, et d\u2019une mani\u00e8re g\u00e9n\u00e9rale de toute erreur ou omission qu\u2019ils pourraient comporter. En cons\u00e9quence, GROUPE MONITEUR ne pourra \u00eatre tenue pour responsable de quelque dommage que ce soit qui pourrait en r\u00e9sulter.<\/p>\r\n<p>D\u2019une mani\u00e8re g\u00e9n\u00e9rale, l\u2019utilisateur accepte que, dans la mesure autoris\u00e9e par le droit en vigueur, GROUPE MONITEUR ne puisse \u00eatre tenue pour responsable de quelque dommage que ce soit, direct ou indirect, mat\u00e9riel ou immat\u00e9riel, et notamment d\u2019une quelconque perte de profit ou de donn\u00e9es, cons\u00e9cutif \u00e0 l\u2019utilisation du Site et de ses services ou \u00e0 une visite du Site.<\/p>\r\n<p>GROUPE MONITEUR ne garantit pas que le Site et ses services r\u00e9pondront parfaitement \u00e0 l\u2019attente de l\u2019utilisateur, ne seront pas interrompus, ou encore seront pertinents, exhaustifs ou d\u00e9pourvus de toute erreur.<\/p>\r\n<p>De la m\u00eame mani\u00e8re, GROUPE MONITEUR d\u00e9gage toute responsabilit\u00e9 quant \u00e0 la pr\u00e9cision, l\u2019exhaustivit\u00e9, la l\u00e9gitimit\u00e9, la fiabilit\u00e9 ou la disponibilit\u00e9 des informations contenues sur les sites de tiers r\u00e9f\u00e9renc\u00e9s sur son Site. GROUPE MONITEUR ne garantit en aucune mani\u00e8re le succ\u00e8s commercial, l\u2019adaptation aux besoins de l\u2019utilisateur et le respect des droits de propri\u00e9t\u00e9 intellectuelle des informations disponibles sur les sites de tiers.<\/p>\r\n<p><strong>5 \u2013 PROTECTION DES DONN\u00c9ES PERSONNELLES<\/strong><\/p>\r\n<p>Les \u00e9ventuelles informations \u00e0 caract\u00e8re personnel recueillies dans le cadre du Site par GROUPE MONITEUR font l\u2019objet d\u2019un traitement informatique dans les conditions indiqu\u00e9es lors de la collecte.<\/p>\r\n<p>Les modalit\u00e9s d\u2019acc\u00e8s, de rectification, de modification et de suppression des donn\u00e9es personnelles concernant les utilisateurs sont pr\u00e9cis\u00e9es dans la Charte Donn\u00e9es Personnelles du Groupe Infopro Digital accessible \u00e0 l\u2019adresse suivante\u00a0:\u00a0<a href=\"https:\/\/www.infopro-digital.com\/rgpd-gdpr\/\">https\u00a0:\/\/www.infopro-digital.com\/rgpd-gdpr\/<\/a>.<\/p>\r\n<p>Les utilisateurs du Site sont tenus de respecter les dispositions des r\u00e8glementations en vigueur relatives aux donn\u00e9es personnelles dont la violation est passible de sanctions p\u00e9nales. Ils doivent notamment s\u2019abstenir, s\u2019agissant des informations nominatives auxquelles ils acc\u00e8dent, de toute collecte, de toute utilisation d\u00e9tourn\u00e9e, et d\u2019une mani\u00e8re g\u00e9n\u00e9rale, de tout acte susceptible de porter atteinte \u00e0 la vie priv\u00e9e ou \u00e0 la r\u00e9putation des personnes.<\/p>\r\n<p><strong>Politique Cookies<\/strong><\/p>\r\n<p>Pour le bon fonctionnement et l\u2019efficacit\u00e9 de ses services, et notamment afin de permettre \u00e0 l\u2019utilisateur de ne pas avoir \u00e0 s\u2019identifier \u00e0 chaque acc\u00e8s, GROUPE MONITEUR utilise des cookies, fichiers qui permettent d\u2019identifier l\u2019utilisateur lors de chacune des connexions. Pour conna\u00eetre notre politique \u00ab cookies \u00bb, consultez la Charte Donn\u00e9es Personnelles du Groupe Infopro Digital accessible \u00e0 l\u2019adresse suivante :\u00a0<a href=\"https:\/\/www.infopro-digital.com\/rgpd-gdpr\/\">https:\/\/www.infopro-digital.com\/rgpd-gdpr\/<\/a>.<\/p>\r\n<p>L\u2019utilisateur peut s\u2019opposer \u00e0 l\u2019utilisation de ces cookies en param\u00e9trant la Consent Management Platform (CMP) qui se pr\u00e9sente sous la forme d\u2019une banni\u00e8re lors de la premi\u00e8re visite du site Internet, ou en cliquant sur \u00ab Param\u00e9trage Cookies \u00bb situ\u00e9 en bas de toutes les pages de notre site Internet.<\/p>\r\n<\/div>\r\n<\/div>\r\n<p>\u00a0<\/p>\r\n<!-- \/wp:paragraph -->","_et_gb_content_width":"","footnotes":""},"class_list":["post-19404","page","type-page","status-publish","has-post-thumbnail","hentry"],"acf":[],"yoast_head":"<!-- This site is optimized with the Yoast SEO plugin v23.9 - https:\/\/yoast.com\/wordpress\/plugins\/seo\/ -->\n<title>Practical information - Salon de la Biodiversit\u00e9 et du G\u00e9nie \u00e9cologique<\/title>\n<meta name=\"description\" content=\"Find out all the information you need to come to the show.\" \/>\n<meta name=\"robots\" content=\"index, follow, max-snippet:-1, max-image-preview:large, max-video-preview:-1\" \/>\n<link rel=\"canonical\" href=\"https:\/\/www.salonbiodiversite.com\/participer\/informations-pratiques\/\" \/>\n<meta property=\"og:locale\" content=\"en_US\" \/>\n<meta property=\"og:type\" content=\"article\" \/>\n<meta property=\"og:title\" content=\"Practical information - Salon de la Biodiversit\u00e9 et du G\u00e9nie \u00e9cologique\" \/>\n<meta property=\"og:description\" content=\"Find out all the information you need to come to the show.\" \/>\n<meta property=\"og:site_name\" content=\"Salon de la Biodiversit\u00e9 et du G\u00e9nie \u00e9cologique\" \/>\n<meta property=\"article:publisher\" content=\"https:\/\/www.facebook.com\/profile.php?id=61557937943062\" \/>\n<meta property=\"article:modified_time\" content=\"2026-03-24T09:31:49+00:00\" \/>\n<meta property=\"og:image\" content=\"https:\/\/www.salonbiodiversite.com\/app\/uploads\/2024\/07\/affiche-biodiv-730x1024.png\" \/>\n\t<meta property=\"og:image:width\" content=\"730\" \/>\n\t<meta property=\"og:image:height\" content=\"1024\" \/>\n\t<meta property=\"og:image:type\" content=\"image\/png\" \/>\n<meta name=\"twitter:card\" content=\"summary_large_image\" \/>\n<meta name=\"twitter:label1\" content=\"Est. reading time\" \/>\n\t<meta name=\"twitter:data1\" content=\"3 minutes\" \/>\n<script type=\"application\/ld+json\" class=\"yoast-schema-graph\">{\"@context\":\"https:\/\/schema.org\",\"@graph\":[{\"@type\":\"WebPage\",\"@id\":\"https:\/\/www.salonbiodiversite.com\/participer\/informations-pratiques\/\",\"url\":\"https:\/\/www.salonbiodiversite.com\/participer\/informations-pratiques\/\",\"name\":\"Practical information - Salon de la Biodiversit\u00e9 et du G\u00e9nie \u00e9cologique\",\"isPartOf\":{\"@id\":\"https:\/\/www.salonbiodiversite.com\/#website\"},\"primaryImageOfPage\":{\"@id\":\"https:\/\/www.salonbiodiversite.com\/participer\/informations-pratiques\/#primaryimage\"},\"image\":{\"@id\":\"https:\/\/www.salonbiodiversite.com\/participer\/informations-pratiques\/#primaryimage\"},\"thumbnailUrl\":\"https:\/\/www.salonbiodiversite.com\/app\/uploads\/2024\/07\/affiche-biodiv-e1733233230638.png\",\"datePublished\":\"2024-08-19T09:32:17+00:00\",\"dateModified\":\"2026-03-24T09:31:49+00:00\",\"description\":\"Find out all the information you need to come to the show.\",\"breadcrumb\":{\"@id\":\"https:\/\/www.salonbiodiversite.com\/participer\/informations-pratiques\/#breadcrumb\"},\"inLanguage\":\"en-US\",\"potentialAction\":[{\"@type\":\"ReadAction\",\"target\":[\"https:\/\/www.salonbiodiversite.com\/participer\/informations-pratiques\/\"]}]},{\"@type\":\"ImageObject\",\"inLanguage\":\"en-US\",\"@id\":\"https:\/\/www.salonbiodiversite.com\/participer\/informations-pratiques\/#primaryimage\",\"url\":\"https:\/\/www.salonbiodiversite.com\/app\/uploads\/2024\/07\/affiche-biodiv-e1733233230638.png\",\"contentUrl\":\"https:\/\/www.salonbiodiversite.com\/app\/uploads\/2024\/07\/affiche-biodiv-e1733233230638.png\",\"width\":1226,\"height\":1719,\"caption\":\"salon biodiversit\u00e9\"},{\"@type\":\"BreadcrumbList\",\"@id\":\"https:\/\/www.salonbiodiversite.com\/participer\/informations-pratiques\/#breadcrumb\",\"itemListElement\":[{\"@type\":\"ListItem\",\"position\":1,\"name\":\"Home\",\"item\":\"https:\/\/www.salonbiodiversite.com\/en\/\"},{\"@type\":\"ListItem\",\"position\":2,\"name\":\"Participate\",\"item\":\"https:\/\/www.salonbiodiversite.com\/en\/participate\/\"},{\"@type\":\"ListItem\",\"position\":3,\"name\":\"Practical information\"}]},{\"@type\":\"WebSite\",\"@id\":\"https:\/\/www.salonbiodiversite.com\/#website\",\"url\":\"https:\/\/www.salonbiodiversite.com\/\",\"name\":\"Salon de la Biodiversit\u00e9 et du G\u00e9nie \u00e9cologique\",\"description\":\"La Nature au coeur de l&#039;adaptation des territoires - du 18 au 20 novembre 2025\",\"publisher\":{\"@id\":\"https:\/\/www.salonbiodiversite.com\/#organization\"},\"potentialAction\":[{\"@type\":\"SearchAction\",\"target\":{\"@type\":\"EntryPoint\",\"urlTemplate\":\"https:\/\/www.salonbiodiversite.com\/?s={search_term_string}\"},\"query-input\":{\"@type\":\"PropertyValueSpecification\",\"valueRequired\":true,\"valueName\":\"search_term_string\"}}],\"inLanguage\":\"en-US\"},{\"@type\":\"Organization\",\"@id\":\"https:\/\/www.salonbiodiversite.com\/#organization\",\"name\":\"Salon de la Biodiversit\u00e9 et du G\u00e9nie \u00e9cologique\",\"url\":\"https:\/\/www.salonbiodiversite.com\/\",\"logo\":{\"@type\":\"ImageObject\",\"inLanguage\":\"en-US\",\"@id\":\"https:\/\/www.salonbiodiversite.com\/#\/schema\/logo\/image\/\",\"url\":\"https:\/\/www.salonbiodiversite.com\/app\/uploads\/2024\/06\/vert@4x.png\",\"contentUrl\":\"https:\/\/www.salonbiodiversite.com\/app\/uploads\/2024\/06\/vert@4x.png\",\"width\":3599,\"height\":1778,\"caption\":\"Salon de la Biodiversit\u00e9 et du G\u00e9nie \u00e9cologique\"},\"image\":{\"@id\":\"https:\/\/www.salonbiodiversite.com\/#\/schema\/logo\/image\/\"},\"sameAs\":[\"https:\/\/www.facebook.com\/profile.php?id=61557937943062\"]}]}<\/script>\n<!-- \/ Yoast SEO plugin. -->","yoast_head_json":{"title":"Practical information - Salon de la Biodiversit\u00e9 et du G\u00e9nie \u00e9cologique","description":"Find out all the information you need to come to the show.","robots":{"index":"index","follow":"follow","max-snippet":"max-snippet:-1","max-image-preview":"max-image-preview:large","max-video-preview":"max-video-preview:-1"},"canonical":"https:\/\/www.salonbiodiversite.com\/participer\/informations-pratiques\/","og_locale":"en_US","og_type":"article","og_title":"Practical information - Salon de la Biodiversit\u00e9 et du G\u00e9nie \u00e9cologique","og_description":"Find out all the information you need to come to the show.","og_site_name":"Salon de la Biodiversit\u00e9 et du G\u00e9nie \u00e9cologique","article_publisher":"https:\/\/www.facebook.com\/profile.php?id=61557937943062","article_modified_time":"2026-03-24T09:31:49+00:00","og_image":[{"width":730,"height":1024,"url":"https:\/\/www.salonbiodiversite.com\/app\/uploads\/2024\/07\/affiche-biodiv-730x1024.png","type":"image\/png"}],"twitter_card":"summary_large_image","twitter_misc":{"Est. reading time":"3 minutes"},"schema":{"@context":"https:\/\/schema.org","@graph":[{"@type":"WebPage","@id":"https:\/\/www.salonbiodiversite.com\/participer\/informations-pratiques\/","url":"https:\/\/www.salonbiodiversite.com\/participer\/informations-pratiques\/","name":"Practical information - Salon de la Biodiversit\u00e9 et du G\u00e9nie \u00e9cologique","isPartOf":{"@id":"https:\/\/www.salonbiodiversite.com\/#website"},"primaryImageOfPage":{"@id":"https:\/\/www.salonbiodiversite.com\/participer\/informations-pratiques\/#primaryimage"},"image":{"@id":"https:\/\/www.salonbiodiversite.com\/participer\/informations-pratiques\/#primaryimage"},"thumbnailUrl":"https:\/\/www.salonbiodiversite.com\/app\/uploads\/2024\/07\/affiche-biodiv-e1733233230638.png","datePublished":"2024-08-19T09:32:17+00:00","dateModified":"2026-03-24T09:31:49+00:00","description":"Find out all the information you need to come to the show.","breadcrumb":{"@id":"https:\/\/www.salonbiodiversite.com\/participer\/informations-pratiques\/#breadcrumb"},"inLanguage":"en-US","potentialAction":[{"@type":"ReadAction","target":["https:\/\/www.salonbiodiversite.com\/participer\/informations-pratiques\/"]}]},{"@type":"ImageObject","inLanguage":"en-US","@id":"https:\/\/www.salonbiodiversite.com\/participer\/informations-pratiques\/#primaryimage","url":"https:\/\/www.salonbiodiversite.com\/app\/uploads\/2024\/07\/affiche-biodiv-e1733233230638.png","contentUrl":"https:\/\/www.salonbiodiversite.com\/app\/uploads\/2024\/07\/affiche-biodiv-e1733233230638.png","width":1226,"height":1719,"caption":"salon biodiversit\u00e9"},{"@type":"BreadcrumbList","@id":"https:\/\/www.salonbiodiversite.com\/participer\/informations-pratiques\/#breadcrumb","itemListElement":[{"@type":"ListItem","position":1,"name":"Home","item":"https:\/\/www.salonbiodiversite.com\/en\/"},{"@type":"ListItem","position":2,"name":"Participate","item":"https:\/\/www.salonbiodiversite.com\/en\/participate\/"},{"@type":"ListItem","position":3,"name":"Practical information"}]},{"@type":"WebSite","@id":"https:\/\/www.salonbiodiversite.com\/#website","url":"https:\/\/www.salonbiodiversite.com\/","name":"Salon de la Biodiversit\u00e9 et du G\u00e9nie \u00e9cologique","description":"La Nature au coeur de l&#039;adaptation des territoires - du 18 au 20 novembre 2025","publisher":{"@id":"https:\/\/www.salonbiodiversite.com\/#organization"},"potentialAction":[{"@type":"SearchAction","target":{"@type":"EntryPoint","urlTemplate":"https:\/\/www.salonbiodiversite.com\/?s={search_term_string}"},"query-input":{"@type":"PropertyValueSpecification","valueRequired":true,"valueName":"search_term_string"}}],"inLanguage":"en-US"},{"@type":"Organization","@id":"https:\/\/www.salonbiodiversite.com\/#organization","name":"Salon de la Biodiversit\u00e9 et du G\u00e9nie \u00e9cologique","url":"https:\/\/www.salonbiodiversite.com\/","logo":{"@type":"ImageObject","inLanguage":"en-US","@id":"https:\/\/www.salonbiodiversite.com\/#\/schema\/logo\/image\/","url":"https:\/\/www.salonbiodiversite.com\/app\/uploads\/2024\/06\/vert@4x.png","contentUrl":"https:\/\/www.salonbiodiversite.com\/app\/uploads\/2024\/06\/vert@4x.png","width":3599,"height":1778,"caption":"Salon de la Biodiversit\u00e9 et du G\u00e9nie \u00e9cologique"},"image":{"@id":"https:\/\/www.salonbiodiversite.com\/#\/schema\/logo\/image\/"},"sameAs":["https:\/\/www.facebook.com\/profile.php?id=61557937943062"]}]}},"_links":{"self":[{"href":"https:\/\/www.salonbiodiversite.com\/en\/wp-json\/wp\/v2\/pages\/19404","targetHints":{"allow":["GET"]}}],"collection":[{"href":"https:\/\/www.salonbiodiversite.com\/en\/wp-json\/wp\/v2\/pages"}],"about":[{"href":"https:\/\/www.salonbiodiversite.com\/en\/wp-json\/wp\/v2\/types\/page"}],"author":[{"embeddable":true,"href":"https:\/\/www.salonbiodiversite.com\/en\/wp-json\/wp\/v2\/users\/3"}],"replies":[{"embeddable":true,"href":"https:\/\/www.salonbiodiversite.com\/en\/wp-json\/wp\/v2\/comments?post=19404"}],"version-history":[{"count":18,"href":"https:\/\/www.salonbiodiversite.com\/en\/wp-json\/wp\/v2\/pages\/19404\/revisions"}],"predecessor-version":[{"id":21451,"href":"https:\/\/www.salonbiodiversite.com\/en\/wp-json\/wp\/v2\/pages\/19404\/revisions\/21451"}],"up":[{"embeddable":true,"href":"https:\/\/www.salonbiodiversite.com\/en\/wp-json\/wp\/v2\/pages\/19471"}],"wp:featuredmedia":[{"embeddable":true,"href":"https:\/\/www.salonbiodiversite.com\/en\/wp-json\/wp\/v2\/media\/19346"}],"wp:attachment":[{"href":"https:\/\/www.salonbiodiversite.com\/en\/wp-json\/wp\/v2\/media?parent=19404"}],"curies":[{"name":"wp","href":"https:\/\/api.w.org\/{rel}","templated":true}]}}