{"id":19411,"date":"2024-08-19T11:34:35","date_gmt":"2024-08-19T09:34:35","guid":{"rendered":"https:\/\/www.salonbiodiversite.com\/?page_id=19411"},"modified":"2026-03-24T15:47:46","modified_gmt":"2026-03-24T14:47:46","slug":"visitors","status":"publish","type":"page","link":"https:\/\/www.salonbiodiversite.com\/en\/participate\/visitors\/","title":{"rendered":"Visitors"},"content":{"rendered":"<p>[et_pb_section fb_built=&#8221;1&#8243; _builder_version=&#8221;4.20.2&#8243; _module_preset=&#8221;default&#8221; background_enable_color=&#8221;off&#8221; background_enable_image=&#8221;off&#8221; custom_margin=&#8221;||0px||false|false&#8221; custom_padding=&#8221;||0px||false|false&#8221; global_colors_info=&#8221;{}&#8221;][et_pb_row _builder_version=&#8221;4.20.2&#8243; _module_preset=&#8221;default&#8221; width=&#8221;90%&#8221; max_width=&#8221;1400px&#8221; custom_margin=&#8221;0px||0px||false|false&#8221; custom_padding=&#8221;0px||0px||false|false&#8221; global_colors_info=&#8221;{}&#8221;][et_pb_column type=&#8221;4_4&#8243; _builder_version=&#8221;4.20.2&#8243; _module_preset=&#8221;default&#8221; global_colors_info=&#8221;{}&#8221;][dsm_breadcrumbs home_icon=&#8221;&#xe074;||divi||400&#8243; separator_icon=&#8221;&#x39;||divi||400&#8243; _builder_version=&#8221;4.20.2&#8243; _module_preset=&#8221;default&#8221; global_colors_info=&#8221;{}&#8221;][\/dsm_breadcrumbs][\/et_pb_column][\/et_pb_row][et_pb_row _builder_version=&#8221;4.20.2&#8243; _module_preset=&#8221;default&#8221; background_enable_color=&#8221;off&#8221; z_index=&#8221;999&#8243; max_width=&#8221;1400px&#8221; custom_margin=&#8221;||||false|false&#8221; custom_padding=&#8221;0px||||false|false&#8221; hover_enabled=&#8221;0&#8243; global_colors_info=&#8221;{}&#8221; sticky_enabled=&#8221;0&#8243;][et_pb_column type=&#8221;4_4&#8243; _builder_version=&#8221;4.20.2&#8243; _module_preset=&#8221;default&#8221; global_colors_info=&#8221;{}&#8221;][et_pb_text _builder_version=&#8221;4.20.2&#8243; _module_preset=&#8221;default&#8221; header_text_color=&#8221;#000000&#8243; header_font_size=&#8221;40px&#8221; background_color=&#8221;RGBA(255,255,255,0)&#8221; custom_margin=&#8221;||20px||false|false&#8221; hover_enabled=&#8221;0&#8243; global_colors_info=&#8221;{}&#8221; sticky_enabled=&#8221;0&#8243;]<\/p>\n<h1 style=\"text-align: left;\"><strong>Visit the exhibition<\/strong><\/h1>\n<p>[\/et_pb_text][\/et_pb_column][\/et_pb_row][\/et_pb_section][et_pb_section fb_built=&#8221;1&#8243; _builder_version=&#8221;4.20.2&#8243; _module_preset=&#8221;default&#8221; background_enable_color=&#8221;off&#8221; background_enable_image=&#8221;off&#8221; custom_margin=&#8221;0px||0px||false|false&#8221; custom_padding=&#8221;0px||0px||false|false&#8221; global_colors_info=&#8221;{}&#8221;][et_pb_row _builder_version=&#8221;4.20.2&#8243; _module_preset=&#8221;default&#8221; background_enable_color=&#8221;off&#8221; z_index=&#8221;999&#8243; custom_margin=&#8221;-15px||||false|false&#8221; custom_padding=&#8221;0px||||false|false&#8221; hover_enabled=&#8221;0&#8243; global_colors_info=&#8221;{}&#8221; max_width=&#8221;1400px&#8221; sticky_enabled=&#8221;0&#8243;][et_pb_column type=&#8221;4_4&#8243; _builder_version=&#8221;4.20.2&#8243; _module_preset=&#8221;default&#8221; global_colors_info=&#8221;{}&#8221;][et_pb_text _builder_version=&#8221;4.20.2&#8243; _module_preset=&#8221;default&#8221; header_text_color=&#8221;#FFFFFF&#8221; header_2_font_size=&#8221;35px&#8221; header_5_font_size=&#8221;35px&#8221; background_color=&#8221;RGBA(255,255,255,0)&#8221; custom_margin=&#8221;||20px||false|false&#8221; hover_enabled=&#8221;0&#8243; global_colors_info=&#8221;{}&#8221; sticky_enabled=&#8221;0&#8243;]<\/p>\n<h2 style=\"text-align: center;\"><span style=\"color: #333333;\"><strong>3 Good reasons<\/strong><\/span><\/h2>\n<p>[\/et_pb_text][\/et_pb_column][\/et_pb_row][et_pb_row column_structure=&#8221;1_3,1_3,1_3&#8243; _builder_version=&#8221;4.20.2&#8243; _module_preset=&#8221;default&#8221; background_enable_color=&#8221;off&#8221; z_index=&#8221;999&#8243; max_width=&#8221;1400px&#8221; max_height=&#8221;1000px&#8221; custom_margin=&#8221;-15px||||false|false&#8221; custom_padding=&#8221;25px|37px|25px|37px|true|true&#8221; hover_enabled=&#8221;0&#8243; global_colors_info=&#8221;{}&#8221; sticky_enabled=&#8221;0&#8243;][et_pb_column type=&#8221;1_3&#8243; _builder_version=&#8221;4.20.2&#8243; _module_preset=&#8221;default&#8221; global_colors_info=&#8221;{}&#8221;][et_pb_image src=&#8221;https:\/\/www.salonbiodiversite.com\/app\/uploads\/2024\/08\/numero-1-2.png&#8221; alt=&#8221;1&#8243; title_text=&#8221;1&#8243; _builder_version=&#8221;4.20.2&#8243; _module_preset=&#8221;default&#8221; width=&#8221;25%&#8221; module_alignment=&#8221;center&#8221; custom_margin=&#8221;|||0px|false|false&#8221; custom_padding=&#8221;|0px||0px|false|false&#8221; animation_style=&#8221;fade&#8221; global_colors_info=&#8221;{}&#8221;][\/et_pb_image][et_pb_text _builder_version=&#8221;4.20.2&#8243; _module_preset=&#8221;default&#8221; hover_enabled=&#8221;0&#8243; global_colors_info=&#8221;{}&#8221; sticky_enabled=&#8221;0&#8243;]<\/p>\n<h3 style=\"text-align: center;\"><strong>A show to coincide with the Salon des Maires<\/strong><\/h3>\n<p>[\/et_pb_text][\/et_pb_column][et_pb_column type=&#8221;1_3&#8243; _builder_version=&#8221;4.20.2&#8243; _module_preset=&#8221;default&#8221; global_colors_info=&#8221;{}&#8221;][et_pb_image src=&#8221;https:\/\/www.salonbiodiversite.com\/app\/uploads\/2024\/07\/numero-2-1.png&#8221; alt=&#8221;2&#8243; title_text=&#8221;2&#8243; _builder_version=&#8221;4.20.2&#8243; _module_preset=&#8221;default&#8221; width=&#8221;25%&#8221; module_alignment=&#8221;center&#8221; animation_style=&#8221;fade&#8221; global_colors_info=&#8221;{}&#8221;][\/et_pb_image][et_pb_text _builder_version=&#8221;4.20.2&#8243; _module_preset=&#8221;default&#8221; header_text_color=&#8221;#FFFFFF&#8221; custom_margin=&#8221;||0px|-15px|false|false&#8221; custom_padding=&#8221;||0px||false|false&#8221; hover_enabled=&#8221;0&#8243; global_colors_info=&#8221;{}&#8221; sticky_enabled=&#8221;0&#8243;]<\/p>\n<div class=\"et_pb_module et_pb_blurb et_pb_blurb_0  et_pb_text_align_left  et_pb_blurb_position_left et_pb_bg_layout_light\">\n<div class=\"et_pb_blurb_content\">\n<div class=\"et_pb_module et_pb_blurb et_pb_blurb_1  et_pb_text_align_left  et_pb_blurb_position_left et_pb_bg_layout_light\">\n<div class=\"et_pb_blurb_content\">\n<div class=\"et_pb_blurb_container\">\n<h3 class=\"et_pb_module_header\" style=\"text-align: center;\"><strong><span>Players who protect biodiversity<\/span><\/strong><\/h3>\n<\/div>\n<\/div>\n<\/div>\n<\/div>\n<\/div>\n<p>[\/et_pb_text][\/et_pb_column][et_pb_column type=&#8221;1_3&#8243; _builder_version=&#8221;4.20.2&#8243; _module_preset=&#8221;default&#8221; global_colors_info=&#8221;{}&#8221;][et_pb_image src=&#8221;https:\/\/www.salonbiodiversite.com\/app\/uploads\/2024\/07\/numero-3-1.png&#8221; alt=&#8221;3&#8243; title_text=&#8221;3&#8243; _builder_version=&#8221;4.20.2&#8243; _module_preset=&#8221;default&#8221; width=&#8221;25%&#8221; module_alignment=&#8221;center&#8221; animation_style=&#8221;fade&#8221; global_colors_info=&#8221;{}&#8221;][\/et_pb_image][et_pb_text _builder_version=&#8221;4.20.2&#8243; _module_preset=&#8221;default&#8221; header_text_color=&#8221;#FFFFFF&#8221; custom_margin=&#8221;||0px|-15px|false|false&#8221; custom_padding=&#8221;||0px||false|false&#8221; hover_enabled=&#8221;0&#8243; global_colors_info=&#8221;{}&#8221; sticky_enabled=&#8221;0&#8243;]<\/p>\n<div class=\"et_pb_module et_pb_blurb et_pb_blurb_0  et_pb_text_align_left  et_pb_blurb_position_left et_pb_bg_layout_light\">\n<div class=\"et_pb_blurb_content\">\n<div class=\"et_pb_module et_pb_blurb et_pb_blurb_2  et_pb_text_align_left  et_pb_blurb_position_left et_pb_bg_layout_light\">\n<div class=\"et_pb_blurb_content\">\n<div class=\"et_pb_blurb_container\">\n<h3 class=\"et_pb_module_header\" style=\"text-align: center;\"><strong>A dedicated exhibition space and programme<\/strong><\/h3>\n<\/div>\n<\/div>\n<\/div>\n<\/div>\n<\/div>\n<p>[\/et_pb_text][\/et_pb_column][\/et_pb_row][et_pb_row _builder_version=&#8221;4.20.2&#8243; _module_preset=&#8221;default&#8221; background_color=&#8221;#54876E&#8221; global_colors_info=&#8221;{}&#8221;][et_pb_column type=&#8221;4_4&#8243; _builder_version=&#8221;4.20.2&#8243; _module_preset=&#8221;default&#8221; global_colors_info=&#8221;{}&#8221;][et_pb_text _builder_version=&#8221;4.20.2&#8243; _module_preset=&#8221;default&#8221; text_font_size=&#8221;25px&#8221; hover_enabled=&#8221;0&#8243; global_colors_info=&#8221;{}&#8221; sticky_enabled=&#8221;0&#8243;]<\/p>\n<p style=\"text-align: center;\"><span style=\"color: #ffffff;\"><strong>Sign up to be notified when visitor badges<br \/>open for the 2025 edition<\/strong><\/span><\/p>\n<p>[\/et_pb_text][et_pb_code _builder_version=&#8221;4.20.2&#8243; _module_preset=&#8221;default&#8221; global_colors_info=&#8221;{}&#8221;]\n<div class=\"wpcf7 no-js\" id=\"wpcf7-f19500-o1\" lang=\"fr-FR\" dir=\"ltr\">\n<div class=\"screen-reader-response\"><p role=\"status\" aria-live=\"polite\" aria-atomic=\"true\"><\/p> <ul><\/ul><\/div>\n<form action=\"\/en\/wp-json\/wp\/v2\/pages\/19411#wpcf7-f19500-o1\" method=\"post\" class=\"wpcf7-form init\" aria-label=\"Formulaire de contact\" novalidate=\"novalidate\" data-status=\"init\">\n<div style=\"display: none;\">\n<input type=\"hidden\" name=\"_wpcf7\" value=\"19500\" \/>\n<input type=\"hidden\" name=\"_wpcf7_version\" value=\"5.9.8\" \/>\n<input type=\"hidden\" name=\"_wpcf7_locale\" value=\"fr_FR\" \/>\n<input type=\"hidden\" name=\"_wpcf7_unit_tag\" value=\"wpcf7-f19500-o1\" \/>\n<input type=\"hidden\" name=\"_wpcf7_container_post\" value=\"0\" \/>\n<input type=\"hidden\" name=\"_wpcf7_posted_data_hash\" value=\"\" \/>\n<\/div>\n<div class=\"swform__wrapper\">\n\t<div class=\"swform__columns\">\n\t\t<div class=\"swform__column-30\">\n\t\t\t<p style=\"margin:0;\"><label for=\"startup\"><strong>Civilit\u00e9<\/strong><\/label>\n\t\t\t<\/p>\n\t\t\t<div class=\"swform__column-50-left\">\n\t\t\t\t<div class=\"swform__cont-field swform__cont-field--radio\">\n\t\t\t\t\t<p><span class=\"wpcf7-form-control-wrap\" data-name=\"civilite\"><span class=\"wpcf7-form-control wpcf7-radio\"><span class=\"wpcf7-list-item first last\"><label><input type=\"radio\" name=\"civilite\" value=\"Ms\" \/><span class=\"wpcf7-list-item-label\">Ms<\/span><\/label><\/span><\/span><\/span>\n\t\t\t\t\t<\/p>\n\t\t\t\t<\/div>\n\t\t\t<\/div>\n\t\t\t<div class=\"swform__column-50-right\">\n\t\t\t\t<div class=\"swform__cont-field swform__cont-field--radio\">\n\t\t\t\t\t<p><span class=\"wpcf7-form-control-wrap\" data-name=\"civilite\"><span class=\"wpcf7-form-control wpcf7-radio\"><span class=\"wpcf7-list-item first last\"><label><input type=\"radio\" name=\"civilite\" value=\"Mr\" checked=\"checked\" \/><span class=\"wpcf7-list-item-label\">Mr<\/span><\/label><\/span><\/span><\/span>\n\t\t\t\t\t<\/p>\n\t\t\t\t<\/div>\n\t\t\t<\/div>\n\t\t\t<div class=\"swform__column-50-left\">\n\t\t\t\t<div class=\"swform__cont-field\">\n\t\t\t\t\t<p><label for=\"nom\">*Last name<\/label><span class=\"wpcf7-form-control-wrap\" data-name=\"nom\"><input size=\"40\" maxlength=\"400\" class=\"wpcf7-form-control wpcf7-text wpcf7-validates-as-required\" aria-required=\"true\" aria-invalid=\"false\" value=\"\" type=\"text\" name=\"nom\" \/><\/span>\n\t\t\t\t\t<\/p>\n\t\t\t\t<\/div>\n\t\t\t<\/div>\n\t\t\t<div class=\"swform__column-50-right\">\n\t\t\t\t<div class=\"swform__cont-field\">\n\t\t\t\t\t<p><label for=\"prenom\">*Fisrt name<\/label><span class=\"wpcf7-form-control-wrap\" data-name=\"prenom\"><input size=\"40\" maxlength=\"400\" class=\"wpcf7-form-control wpcf7-text wpcf7-validates-as-required\" aria-required=\"true\" aria-invalid=\"false\" value=\"\" type=\"text\" name=\"prenom\" \/><\/span>\n\t\t\t\t\t<\/p>\n\t\t\t\t<\/div>\n\t\t\t<\/div>\n\t\t\t<div class=\"swform__column-50-left\">\n\t\t\t\t<div class=\"swform__cont-field\">\n\t\t\t\t\t<p><label for=\"collectivite_organisme\">*Local authority \/ Organisation<\/label><span class=\"wpcf7-form-control-wrap\" data-name=\"societe\"><input size=\"40\" maxlength=\"400\" class=\"wpcf7-form-control wpcf7-text wpcf7-validates-as-required\" aria-required=\"true\" aria-invalid=\"false\" value=\"\" type=\"text\" name=\"societe\" \/><\/span>\n\t\t\t\t\t<\/p>\n\t\t\t\t<\/div>\n\t\t\t<\/div>\n\t\t\t<div class=\"swform__column-50-right\">\n\t\t\t\t<div class=\"swform__cont-field\">\n\t\t\t\t\t<p><label for=\"fonction\">Position<\/label><span class=\"wpcf7-form-control-wrap\" data-name=\"fonction\"><input size=\"40\" maxlength=\"400\" class=\"wpcf7-form-control wpcf7-text\" aria-invalid=\"false\" value=\"\" type=\"text\" name=\"fonction\" \/><\/span>\n\t\t\t\t\t<\/p>\n\t\t\t\t<\/div>\n\t\t\t<\/div>\n\t\t\t<div class=\"swform__column-50-left\">\n\t\t\t\t<div class=\"swform__cont-field swform__cont-field--email\">\n\t\t\t\t\t<p><label for=\"email\">*Email<\/label><span class=\"wpcf7-form-control-wrap\" data-name=\"email\"><input size=\"40\" maxlength=\"400\" class=\"wpcf7-form-control wpcf7-email wpcf7-validates-as-required wpcf7-text wpcf7-validates-as-email\" aria-required=\"true\" aria-invalid=\"false\" value=\"\" type=\"email\" name=\"email\" \/><\/span>\n\t\t\t\t\t<\/p>\n\t\t\t\t<\/div>\n\t\t\t<\/div>\n\t\t\t<div class=\"swform__column-50-right\">\n\t\t\t\t<div class=\"swform__cont-field swform__cont-field--email\">\n\t\t\t\t\t<p><label for=\"confirm_email\">*Email confirmation<\/label><span class=\"wpcf7-form-control-wrap\" data-name=\"email\"><input size=\"40\" maxlength=\"400\" class=\"wpcf7-form-control wpcf7-email wpcf7-validates-as-required wpcf7-text wpcf7-validates-as-email\" aria-required=\"true\" aria-invalid=\"false\" value=\"\" type=\"email\" name=\"email\" \/><\/span>\n\t\t\t\t\t<\/p>\n\t\t\t\t<\/div>\n\t\t\t<\/div>\n\t\t\t<div class=\"swform__cont-field swform__cont-field--submit\">\n\t\t\t\t<div class=\"cont-submit\">\n\t\t\t\t\t<p><button class=\"bttn\" type=\"submit\"><span class=\"bttn__cont-label-icon\"><span class=\"bttn__label\">Confirm<\/span><svg aria-hidden=\"true\" class=\"iconml width-24px\" viewBox=\"0 0 16 16\"><use href=\"#icon-avion-papier\" class=\"icon__unicolor\" \/><\/svg><\/span><\/button>\n\t\t\t\t\t<\/p>\n\t\t\t\t<\/div>\n\t\t\t<\/div>\n\t\t<\/div>\n\t<\/div>\n<\/div><div class=\"frc-captcha \" data-sitekey=\"FCMNOAQKR6DQI9QB\" data-lang=\"en\" ><\/div>\n\t\t<noscript>You need to enable Javascript for the anti-spam check.<\/noscript><div class=\"wpcf7-response-output\" aria-hidden=\"true\"><\/div>\n<\/form>\n<\/div>\n[\/et_pb_code][\/et_pb_column][\/et_pb_row][\/et_pb_section][et_pb_section fb_built=&#8221;1&#8243; _builder_version=&#8221;4.20.2&#8243; _module_preset=&#8221;default&#8221; background_enable_color=&#8221;off&#8221; background_enable_image=&#8221;off&#8221; custom_margin=&#8221;60px||60px||true|false&#8221; custom_padding=&#8221;||0px||false|false&#8221; global_colors_info=&#8221;{}&#8221;][et_pb_row column_structure=&#8221;1_2,1_2&#8243; _builder_version=&#8221;4.20.2&#8243; _module_preset=&#8221;default&#8221; background_enable_color=&#8221;off&#8221; z_index=&#8221;999&#8243; custom_margin=&#8221;-15px||||false|false&#8221; custom_padding=&#8221;0px||||false|false&#8221; hover_enabled=&#8221;0&#8243; global_colors_info=&#8221;{}&#8221; max_width=&#8221;1400px&#8221; sticky_enabled=&#8221;0&#8243;][et_pb_column type=&#8221;1_2&#8243; _builder_version=&#8221;4.20.2&#8243; _module_preset=&#8221;default&#8221; global_colors_info=&#8221;{}&#8221;][et_pb_text _builder_version=&#8221;4.20.2&#8243; _module_preset=&#8221;default&#8221; header_text_color=&#8221;#FFFFFF&#8221; background_color=&#8221;RGBA(255,255,255,0)&#8221; hover_enabled=&#8221;0&#8243; global_colors_info=&#8221;{}&#8221; sticky_enabled=&#8221;0&#8243;]<\/p>\n<h3 style=\"text-align: left;\"><strong>A show held in conjunction with the Salon des Maires.<\/strong><\/h3>\n<p><strong>For greater proximity and easier relations<\/strong> with the regional players present among the exhibitors and visitors at the Salon des Maires et des Collectivit\u00e9s.<br \/><strong>To encourage the sharing of experience,<\/strong> best practice and collaboration between players involved in cross-cutting issues (environment, construction, territorial cohesion, mobility&#8230;.<\/p>\n<p>[\/et_pb_text][et_pb_button button_url=&#8221;@ET-DC@eyJkeW5hbWljIjp0cnVlLCJjb250ZW50IjoicG9zdF9saW5rX3VybF9wYWdlIiwic2V0dGluZ3MiOnsicG9zdF9pZCI6IjEzNTkifX0=@&#8221; button_text=&#8221;Find out more about the Salon des Maires&#8221; _builder_version=&#8221;4.20.2&#8243; _dynamic_attributes=&#8221;button_url&#8221; _module_preset=&#8221;default&#8221; custom_button=&#8221;on&#8221; button_font=&#8221;|600|||||||&#8221; box_shadow_style=&#8221;preset2&#8243; global_colors_info=&#8221;{}&#8221;][\/et_pb_button][\/et_pb_column][et_pb_column type=&#8221;1_2&#8243; _builder_version=&#8221;4.20.2&#8243; _module_preset=&#8221;default&#8221; global_colors_info=&#8221;{}&#8221;][et_pb_image src=&#8221;https:\/\/www.salonbiodiversite.com\/app\/uploads\/2024\/12\/SMCL24_BENOIT_241119_000163.jpg&#8221; alt=&#8221;hall d&#8217;exposition&#8221; title_text=&#8221;SMCL24_BENOIT_241119_000163&#8243; _builder_version=&#8221;4.20.2&#8243; _module_preset=&#8221;default&#8221; animation_style=&#8221;flip&#8221; box_shadow_style=&#8221;preset2&#8243; global_colors_info=&#8221;{}&#8221;][\/et_pb_image][\/et_pb_column][\/et_pb_row][\/et_pb_section][et_pb_section fb_built=&#8221;1&#8243; _builder_version=&#8221;4.20.2&#8243; _module_preset=&#8221;default&#8221; background_enable_color=&#8221;off&#8221; background_enable_image=&#8221;off&#8221; custom_margin=&#8221;0px||0px||false|false&#8221; custom_padding=&#8221;||0px||false|false&#8221; global_colors_info=&#8221;{}&#8221;][et_pb_row column_structure=&#8221;1_2,1_2&#8243; _builder_version=&#8221;4.20.2&#8243; _module_preset=&#8221;default&#8221; background_enable_color=&#8221;off&#8221; z_index=&#8221;999&#8243; custom_margin=&#8221;-15px||||false|false&#8221; custom_padding=&#8221;0px||||false|false&#8221; hover_enabled=&#8221;0&#8243; global_colors_info=&#8221;{}&#8221; max_width=&#8221;1400px&#8221; sticky_enabled=&#8221;0&#8243;][et_pb_column type=&#8221;1_2&#8243; _builder_version=&#8221;4.20.2&#8243; _module_preset=&#8221;default&#8221; global_colors_info=&#8221;{}&#8221;][et_pb_image src=&#8221;https:\/\/www.salonbiodiversite.com\/app\/uploads\/2024\/07\/AdobeStock_369249819-scaled.jpeg&#8221; alt=&#8221;abeille&#8221; title_text=&#8221;abeille&#8221; _builder_version=&#8221;4.20.2&#8243; _module_preset=&#8221;default&#8221; animation_style=&#8221;flip&#8221; box_shadow_style=&#8221;preset2&#8243; global_colors_info=&#8221;{}&#8221;][\/et_pb_image][\/et_pb_column][et_pb_column type=&#8221;1_2&#8243; _builder_version=&#8221;4.20.2&#8243; _module_preset=&#8221;default&#8221; global_colors_info=&#8221;{}&#8221;][et_pb_text _builder_version=&#8221;4.20.2&#8243; _module_preset=&#8221;default&#8221; header_text_color=&#8221;#FFFFFF&#8221; background_color=&#8221;RGBA(255,255,255,0)&#8221; custom_margin=&#8221;||||false|false&#8221; hover_enabled=&#8221;0&#8243; custom_css_main_element=&#8221;margin:auto;&#8221; global_colors_info=&#8221;{}&#8221; sticky_enabled=&#8221;0&#8243;]<\/p>\n<h3><strong>Players who preserve biodiversity<\/strong><\/h3>\n<p>A meeting bringing together the widest possible range of <strong>professionals for whom biodiversity is, or is becoming, a priority issue<\/strong> (local authorities, consultancies, associations, managers of natural areas, developers, designers, etc.).<\/p>\n<p>[\/et_pb_text][\/et_pb_column][\/et_pb_row][\/et_pb_section][et_pb_section fb_built=&#8221;1&#8243; _builder_version=&#8221;4.20.2&#8243; _module_preset=&#8221;default&#8221; background_enable_color=&#8221;off&#8221; background_enable_image=&#8221;off&#8221; custom_margin=&#8221;30px||30px||true|false&#8221; custom_padding=&#8221;||0px||false|false&#8221; global_colors_info=&#8221;{}&#8221;][et_pb_row column_structure=&#8221;1_2,1_2&#8243; _builder_version=&#8221;4.20.2&#8243; _module_preset=&#8221;default&#8221; background_enable_color=&#8221;off&#8221; z_index=&#8221;999&#8243; custom_margin=&#8221;-15px||||false|false&#8221; custom_padding=&#8221;0px||||false|false&#8221; hover_enabled=&#8221;0&#8243; global_colors_info=&#8221;{}&#8221; max_width=&#8221;1400px&#8221; sticky_enabled=&#8221;0&#8243;][et_pb_column type=&#8221;1_2&#8243; _builder_version=&#8221;4.20.2&#8243; _module_preset=&#8221;default&#8221; global_colors_info=&#8221;{}&#8221;][et_pb_text _builder_version=&#8221;4.20.2&#8243; _module_preset=&#8221;default&#8221; header_text_color=&#8221;#FFFFFF&#8221; background_color=&#8221;RGBA(255,255,255,0)&#8221; global_colors_info=&#8221;{}&#8221;]<\/p>\n<h3><strong>A dedicated exhibition space and programme<\/strong><\/h3>\n<p><strong>An animated exhibition<\/strong> with a demonstrative dimension (photo exhibitions, machines, practical work, models, etc.). <strong>A series of themed conferences and workshops,<\/strong> supervised by an editorial committee.<\/p>\n<p>[\/et_pb_text][et_pb_button button_url=&#8221;@ET-DC@eyJkeW5hbWljIjp0cnVlLCJjb250ZW50IjoicG9zdF9saW5rX3VybF9wYWdlIiwic2V0dGluZ3MiOnsicG9zdF9pZCI6IjEzNzAifX0=@&#8221; button_text=&#8221;Find out more about our speaking areas&#8221; _builder_version=&#8221;4.20.2&#8243; _dynamic_attributes=&#8221;button_url&#8221; _module_preset=&#8221;default&#8221; custom_button=&#8221;on&#8221; button_font=&#8221;|600|||||||&#8221; box_shadow_style=&#8221;preset2&#8243; global_colors_info=&#8221;{}&#8221;][\/et_pb_button][\/et_pb_column][et_pb_column type=&#8221;1_2&#8243; _builder_version=&#8221;4.20.2&#8243; _module_preset=&#8221;default&#8221; global_colors_info=&#8221;{}&#8221;][et_pb_image src=&#8221;https:\/\/www.salonbiodiversite.com\/app\/uploads\/2024\/12\/SMCL24_BENOIT_241119_000172.jpg&#8221; alt=&#8221;espace de conf\u00e9rences&#8221; title_text=&#8221;SMCL24_BENOIT_241119_000172&#8243; _builder_version=&#8221;4.20.2&#8243; _module_preset=&#8221;default&#8221; animation_style=&#8221;flip&#8221; box_shadow_style=&#8221;preset2&#8243; global_colors_info=&#8221;{}&#8221;][\/et_pb_image][\/et_pb_column][\/et_pb_row][\/et_pb_section]<\/p>\n","protected":false},"excerpt":{"rendered":"<p>Get your visitor badge to take part in the Biodiversity and Ecological Engineering Exhibition from 19 to 21 November 2024.<\/p>\n","protected":false},"author":3,"featured_media":1064,"parent":19471,"menu_order":0,"comment_status":"closed","ping_status":"closed","template":"","meta":{"_acf_changed":false,"_et_pb_use_builder":"on","_et_pb_old_content":"","_et_gb_content_width":"","footnotes":""},"class_list":["post-19411","page","type-page","status-publish","has-post-thumbnail","hentry"],"acf":[],"yoast_head":"<!-- This site is optimized with the Yoast SEO plugin v23.9 - https:\/\/yoast.com\/wordpress\/plugins\/seo\/ -->\n<title>Visitors - Salon de la Biodiversit\u00e9 et du G\u00e9nie \u00e9cologique<\/title>\n<meta name=\"description\" content=\"Get your visitor badge to take part in the Biodiversity and Ecological Engineering Exhibition from 18 to 20 November 2025.\" \/>\n<meta name=\"robots\" content=\"index, follow, max-snippet:-1, max-image-preview:large, max-video-preview:-1\" \/>\n<link rel=\"canonical\" href=\"https:\/\/www.salonbiodiversite.com\/participer\/visiteurs\/\" \/>\n<meta property=\"og:locale\" content=\"en_US\" \/>\n<meta property=\"og:type\" content=\"article\" \/>\n<meta property=\"og:title\" content=\"Visitors - Salon de la Biodiversit\u00e9 et du G\u00e9nie \u00e9cologique\" \/>\n<meta property=\"og:description\" content=\"Get your visitor badge to take part in the Biodiversity and Ecological Engineering Exhibition from 18 to 20 November 2025.\" \/>\n<meta property=\"og:site_name\" content=\"Salon de la Biodiversit\u00e9 et du G\u00e9nie \u00e9cologique\" \/>\n<meta property=\"article:publisher\" content=\"https:\/\/www.facebook.com\/profile.php?id=61557937943062\" \/>\n<meta property=\"article:modified_time\" content=\"2026-03-24T14:47:46+00:00\" \/>\n<meta property=\"og:image\" content=\"https:\/\/www.salonbiodiversite.com\/app\/uploads\/2024\/06\/affiche-biodiv.jpg\" \/>\n\t<meta property=\"og:image:width\" content=\"800\" \/>\n\t<meta property=\"og:image:height\" content=\"599\" \/>\n\t<meta property=\"og:image:type\" content=\"image\/jpeg\" \/>\n<meta name=\"twitter:card\" content=\"summary_large_image\" \/>\n<meta name=\"twitter:label1\" content=\"Est. reading time\" \/>\n\t<meta name=\"twitter:data1\" content=\"3 minutes\" \/>\n<script type=\"application\/ld+json\" class=\"yoast-schema-graph\">{\"@context\":\"https:\/\/schema.org\",\"@graph\":[{\"@type\":\"WebPage\",\"@id\":\"https:\/\/www.salonbiodiversite.com\/participer\/visiteurs\/\",\"url\":\"https:\/\/www.salonbiodiversite.com\/participer\/visiteurs\/\",\"name\":\"Visitors - Salon de la Biodiversit\u00e9 et du G\u00e9nie \u00e9cologique\",\"isPartOf\":{\"@id\":\"https:\/\/www.salonbiodiversite.com\/#website\"},\"primaryImageOfPage\":{\"@id\":\"https:\/\/www.salonbiodiversite.com\/participer\/visiteurs\/#primaryimage\"},\"image\":{\"@id\":\"https:\/\/www.salonbiodiversite.com\/participer\/visiteurs\/#primaryimage\"},\"thumbnailUrl\":\"https:\/\/www.salonbiodiversite.com\/app\/uploads\/2024\/06\/affiche-biodiv.jpg\",\"datePublished\":\"2024-08-19T09:34:35+00:00\",\"dateModified\":\"2026-03-24T14:47:46+00:00\",\"description\":\"Get your visitor badge to take part in the Biodiversity and Ecological Engineering Exhibition from 18 to 20 November 2025.\",\"breadcrumb\":{\"@id\":\"https:\/\/www.salonbiodiversite.com\/participer\/visiteurs\/#breadcrumb\"},\"inLanguage\":\"en-US\",\"potentialAction\":[{\"@type\":\"ReadAction\",\"target\":[\"https:\/\/www.salonbiodiversite.com\/participer\/visiteurs\/\"]}]},{\"@type\":\"ImageObject\",\"inLanguage\":\"en-US\",\"@id\":\"https:\/\/www.salonbiodiversite.com\/participer\/visiteurs\/#primaryimage\",\"url\":\"https:\/\/www.salonbiodiversite.com\/app\/uploads\/2024\/06\/affiche-biodiv.jpg\",\"contentUrl\":\"https:\/\/www.salonbiodiversite.com\/app\/uploads\/2024\/06\/affiche-biodiv.jpg\",\"width\":800,\"height\":599,\"caption\":\"Salon de la biodiversit\u00e9 et du G\u00e9nie \u00e9cologique\"},{\"@type\":\"BreadcrumbList\",\"@id\":\"https:\/\/www.salonbiodiversite.com\/participer\/visiteurs\/#breadcrumb\",\"itemListElement\":[{\"@type\":\"ListItem\",\"position\":1,\"name\":\"Home\",\"item\":\"https:\/\/www.salonbiodiversite.com\/en\/\"},{\"@type\":\"ListItem\",\"position\":2,\"name\":\"Participate\",\"item\":\"https:\/\/www.salonbiodiversite.com\/en\/participate\/\"},{\"@type\":\"ListItem\",\"position\":3,\"name\":\"Visitors\"}]},{\"@type\":\"WebSite\",\"@id\":\"https:\/\/www.salonbiodiversite.com\/#website\",\"url\":\"https:\/\/www.salonbiodiversite.com\/\",\"name\":\"Salon de la Biodiversit\u00e9 et du G\u00e9nie \u00e9cologique\",\"description\":\"La Nature au coeur de l&#039;adaptation des territoires - du 18 au 20 novembre 2025\",\"publisher\":{\"@id\":\"https:\/\/www.salonbiodiversite.com\/#organization\"},\"potentialAction\":[{\"@type\":\"SearchAction\",\"target\":{\"@type\":\"EntryPoint\",\"urlTemplate\":\"https:\/\/www.salonbiodiversite.com\/?s={search_term_string}\"},\"query-input\":{\"@type\":\"PropertyValueSpecification\",\"valueRequired\":true,\"valueName\":\"search_term_string\"}}],\"inLanguage\":\"en-US\"},{\"@type\":\"Organization\",\"@id\":\"https:\/\/www.salonbiodiversite.com\/#organization\",\"name\":\"Salon de la Biodiversit\u00e9 et du G\u00e9nie \u00e9cologique\",\"url\":\"https:\/\/www.salonbiodiversite.com\/\",\"logo\":{\"@type\":\"ImageObject\",\"inLanguage\":\"en-US\",\"@id\":\"https:\/\/www.salonbiodiversite.com\/#\/schema\/logo\/image\/\",\"url\":\"https:\/\/www.salonbiodiversite.com\/app\/uploads\/2024\/06\/vert@4x.png\",\"contentUrl\":\"https:\/\/www.salonbiodiversite.com\/app\/uploads\/2024\/06\/vert@4x.png\",\"width\":3599,\"height\":1778,\"caption\":\"Salon de la Biodiversit\u00e9 et du G\u00e9nie \u00e9cologique\"},\"image\":{\"@id\":\"https:\/\/www.salonbiodiversite.com\/#\/schema\/logo\/image\/\"},\"sameAs\":[\"https:\/\/www.facebook.com\/profile.php?id=61557937943062\"]}]}<\/script>\n<!-- \/ Yoast SEO plugin. -->","yoast_head_json":{"title":"Visitors - Salon de la Biodiversit\u00e9 et du G\u00e9nie \u00e9cologique","description":"Get your visitor badge to take part in the Biodiversity and Ecological Engineering Exhibition from 18 to 20 November 2025.","robots":{"index":"index","follow":"follow","max-snippet":"max-snippet:-1","max-image-preview":"max-image-preview:large","max-video-preview":"max-video-preview:-1"},"canonical":"https:\/\/www.salonbiodiversite.com\/participer\/visiteurs\/","og_locale":"en_US","og_type":"article","og_title":"Visitors - Salon de la Biodiversit\u00e9 et du G\u00e9nie \u00e9cologique","og_description":"Get your visitor badge to take part in the Biodiversity and Ecological Engineering Exhibition from 18 to 20 November 2025.","og_site_name":"Salon de la Biodiversit\u00e9 et du G\u00e9nie \u00e9cologique","article_publisher":"https:\/\/www.facebook.com\/profile.php?id=61557937943062","article_modified_time":"2026-03-24T14:47:46+00:00","og_image":[{"width":800,"height":599,"url":"https:\/\/www.salonbiodiversite.com\/app\/uploads\/2024\/06\/affiche-biodiv.jpg","type":"image\/jpeg"}],"twitter_card":"summary_large_image","twitter_misc":{"Est. reading time":"3 minutes"},"schema":{"@context":"https:\/\/schema.org","@graph":[{"@type":"WebPage","@id":"https:\/\/www.salonbiodiversite.com\/participer\/visiteurs\/","url":"https:\/\/www.salonbiodiversite.com\/participer\/visiteurs\/","name":"Visitors - Salon de la Biodiversit\u00e9 et du G\u00e9nie \u00e9cologique","isPartOf":{"@id":"https:\/\/www.salonbiodiversite.com\/#website"},"primaryImageOfPage":{"@id":"https:\/\/www.salonbiodiversite.com\/participer\/visiteurs\/#primaryimage"},"image":{"@id":"https:\/\/www.salonbiodiversite.com\/participer\/visiteurs\/#primaryimage"},"thumbnailUrl":"https:\/\/www.salonbiodiversite.com\/app\/uploads\/2024\/06\/affiche-biodiv.jpg","datePublished":"2024-08-19T09:34:35+00:00","dateModified":"2026-03-24T14:47:46+00:00","description":"Get your visitor badge to take part in the Biodiversity and Ecological Engineering Exhibition from 18 to 20 November 2025.","breadcrumb":{"@id":"https:\/\/www.salonbiodiversite.com\/participer\/visiteurs\/#breadcrumb"},"inLanguage":"en-US","potentialAction":[{"@type":"ReadAction","target":["https:\/\/www.salonbiodiversite.com\/participer\/visiteurs\/"]}]},{"@type":"ImageObject","inLanguage":"en-US","@id":"https:\/\/www.salonbiodiversite.com\/participer\/visiteurs\/#primaryimage","url":"https:\/\/www.salonbiodiversite.com\/app\/uploads\/2024\/06\/affiche-biodiv.jpg","contentUrl":"https:\/\/www.salonbiodiversite.com\/app\/uploads\/2024\/06\/affiche-biodiv.jpg","width":800,"height":599,"caption":"Salon de la biodiversit\u00e9 et du G\u00e9nie \u00e9cologique"},{"@type":"BreadcrumbList","@id":"https:\/\/www.salonbiodiversite.com\/participer\/visiteurs\/#breadcrumb","itemListElement":[{"@type":"ListItem","position":1,"name":"Home","item":"https:\/\/www.salonbiodiversite.com\/en\/"},{"@type":"ListItem","position":2,"name":"Participate","item":"https:\/\/www.salonbiodiversite.com\/en\/participate\/"},{"@type":"ListItem","position":3,"name":"Visitors"}]},{"@type":"WebSite","@id":"https:\/\/www.salonbiodiversite.com\/#website","url":"https:\/\/www.salonbiodiversite.com\/","name":"Salon de la Biodiversit\u00e9 et du G\u00e9nie \u00e9cologique","description":"La Nature au coeur de l&#039;adaptation des territoires - du 18 au 20 novembre 2025","publisher":{"@id":"https:\/\/www.salonbiodiversite.com\/#organization"},"potentialAction":[{"@type":"SearchAction","target":{"@type":"EntryPoint","urlTemplate":"https:\/\/www.salonbiodiversite.com\/?s={search_term_string}"},"query-input":{"@type":"PropertyValueSpecification","valueRequired":true,"valueName":"search_term_string"}}],"inLanguage":"en-US"},{"@type":"Organization","@id":"https:\/\/www.salonbiodiversite.com\/#organization","name":"Salon de la Biodiversit\u00e9 et du G\u00e9nie \u00e9cologique","url":"https:\/\/www.salonbiodiversite.com\/","logo":{"@type":"ImageObject","inLanguage":"en-US","@id":"https:\/\/www.salonbiodiversite.com\/#\/schema\/logo\/image\/","url":"https:\/\/www.salonbiodiversite.com\/app\/uploads\/2024\/06\/vert@4x.png","contentUrl":"https:\/\/www.salonbiodiversite.com\/app\/uploads\/2024\/06\/vert@4x.png","width":3599,"height":1778,"caption":"Salon de la Biodiversit\u00e9 et du G\u00e9nie \u00e9cologique"},"image":{"@id":"https:\/\/www.salonbiodiversite.com\/#\/schema\/logo\/image\/"},"sameAs":["https:\/\/www.facebook.com\/profile.php?id=61557937943062"]}]}},"_links":{"self":[{"href":"https:\/\/www.salonbiodiversite.com\/en\/wp-json\/wp\/v2\/pages\/19411","targetHints":{"allow":["GET"]}}],"collection":[{"href":"https:\/\/www.salonbiodiversite.com\/en\/wp-json\/wp\/v2\/pages"}],"about":[{"href":"https:\/\/www.salonbiodiversite.com\/en\/wp-json\/wp\/v2\/types\/page"}],"author":[{"embeddable":true,"href":"https:\/\/www.salonbiodiversite.com\/en\/wp-json\/wp\/v2\/users\/3"}],"replies":[{"embeddable":true,"href":"https:\/\/www.salonbiodiversite.com\/en\/wp-json\/wp\/v2\/comments?post=19411"}],"version-history":[{"count":14,"href":"https:\/\/www.salonbiodiversite.com\/en\/wp-json\/wp\/v2\/pages\/19411\/revisions"}],"predecessor-version":[{"id":21453,"href":"https:\/\/www.salonbiodiversite.com\/en\/wp-json\/wp\/v2\/pages\/19411\/revisions\/21453"}],"up":[{"embeddable":true,"href":"https:\/\/www.salonbiodiversite.com\/en\/wp-json\/wp\/v2\/pages\/19471"}],"wp:featuredmedia":[{"embeddable":true,"href":"https:\/\/www.salonbiodiversite.com\/en\/wp-json\/wp\/v2\/media\/1064"}],"wp:attachment":[{"href":"https:\/\/www.salonbiodiversite.com\/en\/wp-json\/wp\/v2\/media?parent=19411"}],"curies":[{"name":"wp","href":"https:\/\/api.w.org\/{rel}","templated":true}]}}